{"id":8584,"date":"2022-11-21T16:37:29","date_gmt":"2022-11-21T15:37:29","guid":{"rendered":"https:\/\/www.biblio.univ-evry.fr\/?page_id=8584"},"modified":"2023-05-11T11:53:51","modified_gmt":"2023-05-11T09:53:51","slug":"exposition-femmes-filles-dici-et-la-bas","status":"publish","type":"page","link":"https:\/\/www.biblio.univ-evry.fr\/index.php\/exposition-femmes-filles-dici-et-la-bas\/","title":{"rendered":"Exposition \u00ab Femmes et filles d&rsquo;ici et l\u00e0-bas \u00bb"},"content":{"rendered":"\t\t<div data-elementor-type=\"wp-page\" data-elementor-id=\"8584\" class=\"elementor elementor-8584\">\n\t\t\t\t\t\t<section class=\"elementor-section elementor-top-section elementor-element elementor-element-f187bb0 elementor-section-boxed elementor-section-height-default elementor-section-height-default\" data-id=\"f187bb0\" data-element_type=\"section\" data-e-type=\"section\">\n\t\t\t\t\t\t<div class=\"elementor-container elementor-column-gap-default\">\n\t\t\t\t\t<div class=\"elementor-column elementor-col-100 elementor-top-column elementor-element elementor-element-6157050\" data-id=\"6157050\" data-element_type=\"column\" data-e-type=\"column\">\n\t\t\t<div class=\"elementor-widget-wrap elementor-element-populated\">\n\t\t\t\t\t\t<div class=\"elementor-element elementor-element-176a8e7 elementor-widget elementor-widget-text-editor\" data-id=\"176a8e7\" data-element_type=\"widget\" data-e-type=\"widget\" data-widget_type=\"text-editor.default\">\n\t\t\t\t<div class=\"elementor-widget-container\">\n\t\t\t\t\t\t\t\t\t<p>Retrouvez ci-dessous une s\u00e9lection des photographies expos\u00e9es dans le hall de la Biblioth\u00e8que.<\/p>\t\t\t\t\t\t\t\t<\/div>\n\t\t\t\t<\/div>\n\t\t\t\t<div class=\"elementor-element elementor-element-193d59d elementor-arrows-position-inside elementor-pagination-position-outside elementor-widget elementor-widget-image-carousel\" data-id=\"193d59d\" data-element_type=\"widget\" data-e-type=\"widget\" data-settings=\"{&quot;slides_to_show&quot;:&quot;1&quot;,&quot;navigation&quot;:&quot;both&quot;,&quot;autoplay&quot;:&quot;yes&quot;,&quot;pause_on_hover&quot;:&quot;yes&quot;,&quot;pause_on_interaction&quot;:&quot;yes&quot;,&quot;autoplay_speed&quot;:5000,&quot;infinite&quot;:&quot;yes&quot;,&quot;effect&quot;:&quot;slide&quot;,&quot;speed&quot;:500}\" data-widget_type=\"image-carousel.default\">\n\t\t\t\t<div class=\"elementor-widget-container\">\n\t\t\t\t\t\t\t<div class=\"elementor-image-carousel-wrapper swiper\" role=\"region\" aria-roledescription=\"carousel\" aria-label=\"Carrousel d\u2019images\" dir=\"ltr\">\n\t\t\t<div class=\"elementor-image-carousel swiper-wrapper\" aria-live=\"off\">\n\t\t\t\t\t\t\t\t<div class=\"swiper-slide\" role=\"group\" aria-roledescription=\"slide\" aria-label=\"1 sur 15\"><a data-elementor-open-lightbox=\"yes\" data-elementor-lightbox-slideshow=\"193d59d\" data-elementor-lightbox-title=\"ESPAGNE\" data-e-action-hash=\"#elementor-action%3Aaction%3Dlightbox%26settings%3DeyJpZCI6ODU5MSwidXJsIjoiaHR0cHM6XC9cL3d3dy5iaWJsaW8udW5pdi1ldnJ5LmZyXC93cC1jb250ZW50XC91cGxvYWRzXC8yMDIyXC8xMVwvRVNQQUdORS5qcGciLCJzbGlkZXNob3ciOiIxOTNkNTlkIn0%3D\" href=\"https:\/\/www.biblio.univ-evry.fr\/wp-content\/uploads\/2022\/11\/ESPAGNE.jpg\"><figure class=\"swiper-slide-inner\"><img decoding=\"async\" class=\"swiper-slide-image\" src=\"https:\/\/www.biblio.univ-evry.fr\/wp-content\/uploads\/2022\/11\/ESPAGNE-750x600.jpg\" alt=\"Espagne \u00a9 Jean-Fran\u00e7ois Monod\" \/><figcaption class=\"elementor-image-carousel-caption\"> Espagne \u00a9 Jean-Fran\u00e7ois Monod<\/figcaption><\/figure><\/a><\/div><div class=\"swiper-slide\" role=\"group\" aria-roledescription=\"slide\" aria-label=\"2 sur 15\"><a data-elementor-open-lightbox=\"yes\" data-elementor-lightbox-slideshow=\"193d59d\" data-elementor-lightbox-title=\"AVRIL 2011 007 - Copie\" data-e-action-hash=\"#elementor-action%3Aaction%3Dlightbox%26settings%3DeyJpZCI6ODU4NiwidXJsIjoiaHR0cHM6XC9cL3d3dy5iaWJsaW8udW5pdi1ldnJ5LmZyXC93cC1jb250ZW50XC91cGxvYWRzXC8yMDIyXC8xMVwvQVZSSUwtMjAxMS0wMDctQ29waWUuanBnIiwic2xpZGVzaG93IjoiMTkzZDU5ZCJ9\" href=\"https:\/\/www.biblio.univ-evry.fr\/wp-content\/uploads\/2022\/11\/AVRIL-2011-007-Copie.jpg\"><figure class=\"swiper-slide-inner\"><img decoding=\"async\" class=\"swiper-slide-image\" src=\"https:\/\/www.biblio.univ-evry.fr\/wp-content\/uploads\/2022\/11\/AVRIL-2011-007-Copie-680x600.jpg\" alt=\"Avril 2011 \u00a9 Jean-Fran\u00e7ois Monod\" \/><figcaption class=\"elementor-image-carousel-caption\"> Avril 2011 \u00a9 Jean-Fran\u00e7ois Monod<\/figcaption><\/figure><\/a><\/div><div class=\"swiper-slide\" role=\"group\" aria-roledescription=\"slide\" aria-label=\"3 sur 15\"><a data-elementor-open-lightbox=\"yes\" data-elementor-lightbox-slideshow=\"193d59d\" data-elementor-lightbox-title=\"BENIN 2007 499\" data-e-action-hash=\"#elementor-action%3Aaction%3Dlightbox%26settings%3DeyJpZCI6ODU4NywidXJsIjoiaHR0cHM6XC9cL3d3dy5iaWJsaW8udW5pdi1ldnJ5LmZyXC93cC1jb250ZW50XC91cGxvYWRzXC8yMDIyXC8xMVwvQkVOSU4tMjAwNy00OTktc2NhbGVkLmpwZyIsInNsaWRlc2hvdyI6IjE5M2Q1OWQifQ%3D%3D\" href=\"https:\/\/www.biblio.univ-evry.fr\/wp-content\/uploads\/2022\/11\/BENIN-2007-499-scaled.jpg\"><figure class=\"swiper-slide-inner\"><img decoding=\"async\" class=\"swiper-slide-image\" src=\"https:\/\/www.biblio.univ-evry.fr\/wp-content\/uploads\/2022\/11\/BENIN-2007-499-450x600.jpg\" alt=\"B\u00e9nin 2007 \u00a9 Jean-Fran\u00e7ois Monod\" \/><figcaption class=\"elementor-image-carousel-caption\"> B\u00e9nin 2007 \u00a9 Jean-Fran\u00e7ois Monod<\/figcaption><\/figure><\/a><\/div><div class=\"swiper-slide\" role=\"group\" aria-roledescription=\"slide\" aria-label=\"4 sur 15\"><a data-elementor-open-lightbox=\"yes\" data-elementor-lightbox-slideshow=\"193d59d\" data-elementor-lightbox-title=\"COREE\" data-e-action-hash=\"#elementor-action%3Aaction%3Dlightbox%26settings%3DeyJpZCI6ODU4OCwidXJsIjoiaHR0cHM6XC9cL3d3dy5iaWJsaW8udW5pdi1ldnJ5LmZyXC93cC1jb250ZW50XC91cGxvYWRzXC8yMDIyXC8xMVwvQ09SRUUuanBnIiwic2xpZGVzaG93IjoiMTkzZDU5ZCJ9\" href=\"https:\/\/www.biblio.univ-evry.fr\/wp-content\/uploads\/2022\/11\/COREE.jpg\"><figure class=\"swiper-slide-inner\"><img decoding=\"async\" class=\"swiper-slide-image\" src=\"https:\/\/www.biblio.univ-evry.fr\/wp-content\/uploads\/2022\/11\/COREE-305x600.jpg\" alt=\"Cor\u00e9e \u00a9 Jean-Fran\u00e7ois Monod\" \/><figcaption class=\"elementor-image-carousel-caption\">Cor\u00e9e \u00a9 Jean-Fran\u00e7ois Monod<\/figcaption><\/figure><\/a><\/div><div class=\"swiper-slide\" role=\"group\" aria-roledescription=\"slide\" aria-label=\"5 sur 15\"><a data-elementor-open-lightbox=\"yes\" data-elementor-lightbox-slideshow=\"193d59d\" data-elementor-lightbox-title=\"200\" data-e-action-hash=\"#elementor-action%3Aaction%3Dlightbox%26settings%3DeyJpZCI6ODU4OSwidXJsIjoiaHR0cHM6XC9cL3d3dy5iaWJsaW8udW5pdi1ldnJ5LmZyXC93cC1jb250ZW50XC91cGxvYWRzXC8yMDIyXC8xMVwvMjAwLmpwZyIsInNsaWRlc2hvdyI6IjE5M2Q1OWQifQ%3D%3D\" href=\"https:\/\/www.biblio.univ-evry.fr\/wp-content\/uploads\/2022\/11\/200.jpg\"><figure class=\"swiper-slide-inner\"><img decoding=\"async\" class=\"swiper-slide-image\" src=\"https:\/\/www.biblio.univ-evry.fr\/wp-content\/uploads\/2022\/11\/200-288x600.jpg\" alt=\"\u00a9 Jean-Fran\u00e7ois Monod\" \/><figcaption class=\"elementor-image-carousel-caption\"> \u00a9 Jean-Fran\u00e7ois Monod<\/figcaption><\/figure><\/a><\/div><div class=\"swiper-slide\" role=\"group\" aria-roledescription=\"slide\" aria-label=\"6 sur 15\"><a data-elementor-open-lightbox=\"yes\" data-elementor-lightbox-slideshow=\"193d59d\" data-elementor-lightbox-title=\"GEORGIE (2)\" data-e-action-hash=\"#elementor-action%3Aaction%3Dlightbox%26settings%3DeyJpZCI6ODU5MCwidXJsIjoiaHR0cHM6XC9cL3d3dy5iaWJsaW8udW5pdi1ldnJ5LmZyXC93cC1jb250ZW50XC91cGxvYWRzXC8yMDIyXC8xMVwvR0VPUkdJRS0yLmpwZyIsInNsaWRlc2hvdyI6IjE5M2Q1OWQifQ%3D%3D\" href=\"https:\/\/www.biblio.univ-evry.fr\/wp-content\/uploads\/2022\/11\/GEORGIE-2.jpg\"><figure class=\"swiper-slide-inner\"><img decoding=\"async\" class=\"swiper-slide-image\" src=\"https:\/\/www.biblio.univ-evry.fr\/wp-content\/uploads\/2022\/11\/GEORGIE-2-377x600.jpg\" alt=\"G\u00e9orgie \u00a9 Jean-Fran\u00e7ois Monod\" \/><figcaption class=\"elementor-image-carousel-caption\">G\u00e9orgie \u00a9 Jean-Fran\u00e7ois Monod<\/figcaption><\/figure><\/a><\/div><div class=\"swiper-slide\" role=\"group\" aria-roledescription=\"slide\" aria-label=\"7 sur 15\"><a data-elementor-open-lightbox=\"yes\" data-elementor-lightbox-slideshow=\"193d59d\" data-elementor-lightbox-title=\"MAROC ETE 2010 DIVERS 925\" data-e-action-hash=\"#elementor-action%3Aaction%3Dlightbox%26settings%3DeyJpZCI6ODU5NSwidXJsIjoiaHR0cHM6XC9cL3d3dy5iaWJsaW8udW5pdi1ldnJ5LmZyXC93cC1jb250ZW50XC91cGxvYWRzXC8yMDIyXC8xMVwvTUFST0MtRVRFLTIwMTAtRElWRVJTLTkyNS5qcGciLCJzbGlkZXNob3ciOiIxOTNkNTlkIn0%3D\" href=\"https:\/\/www.biblio.univ-evry.fr\/wp-content\/uploads\/2022\/11\/MAROC-ETE-2010-DIVERS-925.jpg\"><figure class=\"swiper-slide-inner\"><img decoding=\"async\" class=\"swiper-slide-image\" src=\"https:\/\/www.biblio.univ-evry.fr\/wp-content\/uploads\/2022\/11\/MAROC-ETE-2010-DIVERS-925-792x600.jpg\" alt=\"Maroc \u00e9t\u00e9 2010 \u00a9 Jean-Fran\u00e7ois Monod\" \/><figcaption class=\"elementor-image-carousel-caption\">Maroc \u00e9t\u00e9 2010 \u00a9 Jean-Fran\u00e7ois Monod<\/figcaption><\/figure><\/a><\/div><div class=\"swiper-slide\" role=\"group\" aria-roledescription=\"slide\" aria-label=\"8 sur 15\"><a data-elementor-open-lightbox=\"yes\" data-elementor-lightbox-slideshow=\"193d59d\" data-elementor-lightbox-title=\"OSSETIE 2010\" data-e-action-hash=\"#elementor-action%3Aaction%3Dlightbox%26settings%3DeyJpZCI6ODU5NiwidXJsIjoiaHR0cHM6XC9cL3d3dy5iaWJsaW8udW5pdi1ldnJ5LmZyXC93cC1jb250ZW50XC91cGxvYWRzXC8yMDIyXC8xMVwvT1NTRVRJRS0yMDEwLmpwZyIsInNsaWRlc2hvdyI6IjE5M2Q1OWQifQ%3D%3D\" href=\"https:\/\/www.biblio.univ-evry.fr\/wp-content\/uploads\/2022\/11\/OSSETIE-2010.jpg\"><figure class=\"swiper-slide-inner\"><img decoding=\"async\" class=\"swiper-slide-image\" src=\"https:\/\/www.biblio.univ-evry.fr\/wp-content\/uploads\/2022\/11\/OSSETIE-2010-405x600.jpg\" alt=\"Ossetie \u00a9 Jean-Fran\u00e7ois Monod\" \/><figcaption class=\"elementor-image-carousel-caption\">Ossetie \u00a9 Jean-Fran\u00e7ois Monod<\/figcaption><\/figure><\/a><\/div><div class=\"swiper-slide\" role=\"group\" aria-roledescription=\"slide\" aria-label=\"9 sur 15\"><a data-elementor-open-lightbox=\"yes\" data-elementor-lightbox-slideshow=\"193d59d\" data-elementor-lightbox-title=\"P1000141-004\" data-e-action-hash=\"#elementor-action%3Aaction%3Dlightbox%26settings%3DeyJpZCI6ODU5NywidXJsIjoiaHR0cHM6XC9cL3d3dy5iaWJsaW8udW5pdi1ldnJ5LmZyXC93cC1jb250ZW50XC91cGxvYWRzXC8yMDIyXC8xMVwvUDEwMDAxNDEtMDA0LXNjYWxlZC5qcGciLCJzbGlkZXNob3ciOiIxOTNkNTlkIn0%3D\" href=\"https:\/\/www.biblio.univ-evry.fr\/wp-content\/uploads\/2022\/11\/P1000141-004-scaled.jpg\"><figure class=\"swiper-slide-inner\"><img decoding=\"async\" class=\"swiper-slide-image\" src=\"https:\/\/www.biblio.univ-evry.fr\/wp-content\/uploads\/2022\/11\/P1000141-004-1163x600.jpg\" alt=\"\u00a9 Jean-Fran\u00e7ois Monod\" \/><figcaption class=\"elementor-image-carousel-caption\">\u00a9 Jean-Fran\u00e7ois Monod<\/figcaption><\/figure><\/a><\/div><div class=\"swiper-slide\" role=\"group\" aria-roledescription=\"slide\" aria-label=\"10 sur 15\"><a data-elementor-open-lightbox=\"yes\" data-elementor-lightbox-slideshow=\"193d59d\" data-elementor-lightbox-title=\"INDE (3)\" data-e-action-hash=\"#elementor-action%3Aaction%3Dlightbox%26settings%3DeyJpZCI6ODU5OCwidXJsIjoiaHR0cHM6XC9cL3d3dy5iaWJsaW8udW5pdi1ldnJ5LmZyXC93cC1jb250ZW50XC91cGxvYWRzXC8yMDIyXC8xMVwvSU5ERS0zLmpwZyIsInNsaWRlc2hvdyI6IjE5M2Q1OWQifQ%3D%3D\" href=\"https:\/\/www.biblio.univ-evry.fr\/wp-content\/uploads\/2022\/11\/INDE-3.jpg\"><figure class=\"swiper-slide-inner\"><img decoding=\"async\" class=\"swiper-slide-image\" src=\"https:\/\/www.biblio.univ-evry.fr\/wp-content\/uploads\/2022\/11\/INDE-3-376x600.jpg\" alt=\"Inde \u00a9 Jean-Fran\u00e7ois Monod\" \/><figcaption class=\"elementor-image-carousel-caption\"> Inde \u00a9 Jean-Fran\u00e7ois Monod<\/figcaption><\/figure><\/a><\/div><div class=\"swiper-slide\" role=\"group\" aria-roledescription=\"slide\" aria-label=\"11 sur 15\"><a data-elementor-open-lightbox=\"yes\" data-elementor-lightbox-slideshow=\"193d59d\" data-elementor-lightbox-title=\"KIRGHISTAN\" data-e-action-hash=\"#elementor-action%3Aaction%3Dlightbox%26settings%3DeyJpZCI6ODU5OSwidXJsIjoiaHR0cHM6XC9cL3d3dy5iaWJsaW8udW5pdi1ldnJ5LmZyXC93cC1jb250ZW50XC91cGxvYWRzXC8yMDIyXC8xMVwvS0lSR0hJU1RBTi5qcGciLCJzbGlkZXNob3ciOiIxOTNkNTlkIn0%3D\" href=\"https:\/\/www.biblio.univ-evry.fr\/wp-content\/uploads\/2022\/11\/KIRGHISTAN.jpg\"><figure class=\"swiper-slide-inner\"><img decoding=\"async\" class=\"swiper-slide-image\" src=\"https:\/\/www.biblio.univ-evry.fr\/wp-content\/uploads\/2022\/11\/KIRGHISTAN.jpg\" alt=\"Ouzbekistan \u00a9 Jean-Fran\u00e7ois Monod\" \/><figcaption class=\"elementor-image-carousel-caption\">Ouzbekistan \u00a9 Jean-Fran\u00e7ois Monod<\/figcaption><\/figure><\/a><\/div><div class=\"swiper-slide\" role=\"group\" aria-roledescription=\"slide\" aria-label=\"12 sur 15\"><a data-elementor-open-lightbox=\"yes\" data-elementor-lightbox-slideshow=\"193d59d\" data-elementor-lightbox-title=\"P1000182\" data-e-action-hash=\"#elementor-action%3Aaction%3Dlightbox%26settings%3DeyJpZCI6ODYwMCwidXJsIjoiaHR0cHM6XC9cL3d3dy5iaWJsaW8udW5pdi1ldnJ5LmZyXC93cC1jb250ZW50XC91cGxvYWRzXC8yMDIyXC8xMVwvUDEwMDAxODIuanBnIiwic2xpZGVzaG93IjoiMTkzZDU5ZCJ9\" href=\"https:\/\/www.biblio.univ-evry.fr\/wp-content\/uploads\/2022\/11\/P1000182.jpg\"><figure class=\"swiper-slide-inner\"><img decoding=\"async\" class=\"swiper-slide-image\" src=\"https:\/\/www.biblio.univ-evry.fr\/wp-content\/uploads\/2022\/11\/P1000182-378x600.jpg\" alt=\"\u00a9 Jean-Fran\u00e7ois Monod\" \/><figcaption class=\"elementor-image-carousel-caption\">\u00a9 Jean-Fran\u00e7ois Monod<\/figcaption><\/figure><\/a><\/div><div class=\"swiper-slide\" role=\"group\" aria-roledescription=\"slide\" aria-label=\"13 sur 15\"><a data-elementor-open-lightbox=\"yes\" data-elementor-lightbox-slideshow=\"193d59d\" data-elementor-lightbox-title=\"P1190592\" data-e-action-hash=\"#elementor-action%3Aaction%3Dlightbox%26settings%3DeyJpZCI6ODYwMSwidXJsIjoiaHR0cHM6XC9cL3d3dy5iaWJsaW8udW5pdi1ldnJ5LmZyXC93cC1jb250ZW50XC91cGxvYWRzXC8yMDIyXC8xMVwvUDExOTA1OTItc2NhbGVkLmpwZyIsInNsaWRlc2hvdyI6IjE5M2Q1OWQifQ%3D%3D\" href=\"https:\/\/www.biblio.univ-evry.fr\/wp-content\/uploads\/2022\/11\/P1190592-scaled.jpg\"><figure class=\"swiper-slide-inner\"><img decoding=\"async\" class=\"swiper-slide-image\" src=\"https:\/\/www.biblio.univ-evry.fr\/wp-content\/uploads\/2022\/11\/P1190592-450x600.jpg\" alt=\"\u00a9 Jean-Fran\u00e7ois Monod\" \/><figcaption class=\"elementor-image-carousel-caption\">\u00a9 Jean-Fran\u00e7ois Monod<\/figcaption><\/figure><\/a><\/div><div class=\"swiper-slide\" role=\"group\" aria-roledescription=\"slide\" aria-label=\"14 sur 15\"><a data-elementor-open-lightbox=\"yes\" data-elementor-lightbox-slideshow=\"193d59d\" data-elementor-lightbox-title=\"P1560046\" data-e-action-hash=\"#elementor-action%3Aaction%3Dlightbox%26settings%3DeyJpZCI6ODYwMiwidXJsIjoiaHR0cHM6XC9cL3d3dy5iaWJsaW8udW5pdi1ldnJ5LmZyXC93cC1jb250ZW50XC91cGxvYWRzXC8yMDIyXC8xMVwvUDE1NjAwNDYuanBnIiwic2xpZGVzaG93IjoiMTkzZDU5ZCJ9\" href=\"https:\/\/www.biblio.univ-evry.fr\/wp-content\/uploads\/2022\/11\/P1560046.jpg\"><figure class=\"swiper-slide-inner\"><img decoding=\"async\" class=\"swiper-slide-image\" src=\"https:\/\/www.biblio.univ-evry.fr\/wp-content\/uploads\/2022\/11\/P1560046-416x600.jpg\" alt=\"\u00a9 Jean-Fran\u00e7ois Monod\" \/><figcaption class=\"elementor-image-carousel-caption\">\u00a9 Jean-Fran\u00e7ois Monod<\/figcaption><\/figure><\/a><\/div><div class=\"swiper-slide\" role=\"group\" aria-roledescription=\"slide\" aria-label=\"15 sur 15\"><a data-elementor-open-lightbox=\"yes\" data-elementor-lightbox-slideshow=\"193d59d\" data-elementor-lightbox-title=\"PALESTINE\" data-e-action-hash=\"#elementor-action%3Aaction%3Dlightbox%26settings%3DeyJpZCI6ODYwMywidXJsIjoiaHR0cHM6XC9cL3d3dy5iaWJsaW8udW5pdi1ldnJ5LmZyXC93cC1jb250ZW50XC91cGxvYWRzXC8yMDIyXC8xMVwvUEFMRVNUSU5FLXNjYWxlZC5qcGciLCJzbGlkZXNob3ciOiIxOTNkNTlkIn0%3D\" href=\"https:\/\/www.biblio.univ-evry.fr\/wp-content\/uploads\/2022\/11\/PALESTINE-scaled.jpg\"><figure class=\"swiper-slide-inner\"><img decoding=\"async\" class=\"swiper-slide-image\" src=\"https:\/\/www.biblio.univ-evry.fr\/wp-content\/uploads\/2022\/11\/PALESTINE-523x600.jpg\" alt=\"Palestine \u00a9 Jean-Fran\u00e7ois Monod\" \/><figcaption class=\"elementor-image-carousel-caption\">Palestine \u00a9 Jean-Fran\u00e7ois Monod<\/figcaption><\/figure><\/a><\/div>\t\t\t<\/div>\n\t\t\t\t\t\t\t\t\t\t\t\t<div class=\"elementor-swiper-button elementor-swiper-button-prev\" role=\"button\" tabindex=\"0\">\n\t\t\t\t\t\t<i aria-hidden=\"true\" class=\"eicon-chevron-left\"><\/i>\t\t\t\t\t<\/div>\n\t\t\t\t\t<div class=\"elementor-swiper-button elementor-swiper-button-next\" role=\"button\" tabindex=\"0\">\n\t\t\t\t\t\t<i aria-hidden=\"true\" class=\"eicon-chevron-right\"><\/i>\t\t\t\t\t<\/div>\n\t\t\t\t\n\t\t\t\t\t\t\t\t\t<div class=\"swiper-pagination\"><\/div>\n\t\t\t\t\t\t\t\t\t<\/div>\n\t\t\t\t\t\t<\/div>\n\t\t\t\t<\/div>\n\t\t\t\t\t<\/div>\n\t\t<\/div>\n\t\t\t\t\t<\/div>\n\t\t<\/section>\n\t\t\t\t<\/div>\n\t\t","protected":false},"excerpt":{"rendered":"<p>Retrouvez ci-dessous une s\u00e9lection des photographies expos\u00e9es dans le hall de la Biblioth\u00e8que. Espagne \u00a9 Jean-Fran\u00e7ois Monod Avril 2011 \u00a9 Jean-Fran\u00e7ois Monod B\u00e9nin 2007 \u00a9 Jean-Fran\u00e7ois Monod Cor\u00e9e \u00a9 Jean-Fran\u00e7ois Monod \u00a9 Jean-Fran\u00e7ois Monod G\u00e9orgie \u00a9 Jean-Fran\u00e7ois Monod Maroc \u00e9t\u00e9 2010 \u00a9 Jean-Fran\u00e7ois Monod Ossetie \u00a9 Jean-Fran\u00e7ois Monod \u00a9 Jean-Fran\u00e7ois Monod Inde \u00a9 Jean-Fran\u00e7ois Monod [&hellip;]<\/p>\n","protected":false},"author":14,"featured_media":0,"parent":0,"menu_order":0,"comment_status":"closed","ping_status":"closed","template":"","meta":{"wpupg_custom_link":[],"wpupg_custom_link_behaviour":[],"wpupg_custom_link_nofollow":[],"wpupg_custom_image":[],"wpupg_custom_image_id":[],"footnotes":""},"class_list":["post-8584","page","type-page","status-publish","hentry"],"_links":{"self":[{"href":"https:\/\/www.biblio.univ-evry.fr\/index.php\/wp-json\/wp\/v2\/pages\/8584","targetHints":{"allow":["GET"]}}],"collection":[{"href":"https:\/\/www.biblio.univ-evry.fr\/index.php\/wp-json\/wp\/v2\/pages"}],"about":[{"href":"https:\/\/www.biblio.univ-evry.fr\/index.php\/wp-json\/wp\/v2\/types\/page"}],"author":[{"embeddable":true,"href":"https:\/\/www.biblio.univ-evry.fr\/index.php\/wp-json\/wp\/v2\/users\/14"}],"replies":[{"embeddable":true,"href":"https:\/\/www.biblio.univ-evry.fr\/index.php\/wp-json\/wp\/v2\/comments?post=8584"}],"version-history":[{"count":8,"href":"https:\/\/www.biblio.univ-evry.fr\/index.php\/wp-json\/wp\/v2\/pages\/8584\/revisions"}],"predecessor-version":[{"id":9729,"href":"https:\/\/www.biblio.univ-evry.fr\/index.php\/wp-json\/wp\/v2\/pages\/8584\/revisions\/9729"}],"wp:attachment":[{"href":"https:\/\/www.biblio.univ-evry.fr\/index.php\/wp-json\/wp\/v2\/media?parent=8584"}],"curies":[{"name":"wp","href":"https:\/\/api.w.org\/{rel}","templated":true}]}}