{"id":4674,"date":"2022-03-10T14:10:13","date_gmt":"2022-03-10T13:10:13","guid":{"rendered":"https:\/\/www.biblio.univ-evry.fr\/?page_id=4674"},"modified":"2022-05-25T15:18:08","modified_gmt":"2022-05-25T13:18:08","slug":"expositions-passees","status":"publish","type":"page","link":"https:\/\/www.biblio.univ-evry.fr\/index.php\/evenements-culturels\/expositions-passees\/","title":{"rendered":"Expositions pass\u00e9es"},"content":{"rendered":"\n<div class=\"wp-block-columns is-layout-flex wp-container-core-columns-is-layout-9d6595d7 wp-block-columns-is-layout-flex\">\n<div class=\"wp-block-column is-vertically-aligned-center is-layout-flow wp-block-column-is-layout-flow\" style=\"flex-basis:50%\">\n<p>Des questions \u00e0 propos des expositions pass\u00e9es, des demandes sp\u00e9cifiques, &#8230;<\/p>\n<\/div>\n\n\n\n<div class=\"wp-block-column is-layout-flow wp-block-column-is-layout-flow\" style=\"flex-basis:55%\">\n<div class=\"wp-block-buttons is-horizontal is-content-justification-left is-layout-flex wp-container-core-buttons-is-layout-7e5fce0a wp-block-buttons-is-layout-flex\">\n<div class=\"wp-block-button\"><a class=\"wp-block-button__link has-background\" href=\"javascript:Boxzilla.show(5771)\" style=\"background-color:#005793\">Contactez-nous<\/a><\/div>\n<\/div>\n\n\n\n<p><\/p>\n<\/div>\n<\/div>\n\n\n\n<div class=\"wp-block-query is-layout-flow wp-block-query-is-layout-flow\"><ul class=\"wp-block-post-template is-layout-flow wp-block-post-template-is-layout-flow\"><li class=\"wp-block-post post-14286 post type-post status-publish format-standard has-post-thumbnail hentry category-exposition category-seminaire tag-affiche\">\n\n<div class=\"wp-block-columns are-vertically-aligned-center has-background is-layout-flex wp-container-core-columns-is-layout-9d6595d7 wp-block-columns-is-layout-flex\" style=\"background-color:#ffffff\">\n<div class=\"wp-block-column is-vertically-aligned-center is-layout-flow wp-block-column-is-layout-flow\" style=\"flex-basis:25%\"><figure class=\"wp-block-post-featured-image\"><a href=\"https:\/\/www.biblio.univ-evry.fr\/index.php\/2026\/03\/18\/hommage-a-pierre-boulez\/\" target=\"_self\"  ><img fetchpriority=\"high\" decoding=\"async\" width=\"1200\" height=\"675\" src=\"https:\/\/www.biblio.univ-evry.fr\/wp-content\/uploads\/2026\/03\/Visuel-Boulez-2-1-1200x675.jpg\" class=\"attachment-post-thumbnail size-post-thumbnail wp-post-image\" alt=\"Hommage \u00e0 Pierre Boulez\" style=\"object-fit:cover;\" srcset=\"https:\/\/www.biblio.univ-evry.fr\/wp-content\/uploads\/2026\/03\/Visuel-Boulez-2-1-1200x675.jpg 1200w, https:\/\/www.biblio.univ-evry.fr\/wp-content\/uploads\/2026\/03\/Visuel-Boulez-2-1-1067x600.jpg 1067w, https:\/\/www.biblio.univ-evry.fr\/wp-content\/uploads\/2026\/03\/Visuel-Boulez-2-1-768x432.jpg 768w, https:\/\/www.biblio.univ-evry.fr\/wp-content\/uploads\/2026\/03\/Visuel-Boulez-2-1-1536x864.jpg 1536w, https:\/\/www.biblio.univ-evry.fr\/wp-content\/uploads\/2026\/03\/Visuel-Boulez-2-1.jpg 1600w\" sizes=\"(max-width: 1200px) 100vw, 1200px\" \/><\/a><\/figure><\/div>\n\n\n\n<div class=\"wp-block-column is-vertically-aligned-center is-layout-flow wp-block-column-is-layout-flow\" style=\"flex-basis:75%\"><h3 class=\"wp-block-post-title\">Hommage \u00e0 Pierre Boulez<\/h3>\n\n<div class=\"has-text-align-left wp-block-post-excerpt\"><p class=\"wp-block-post-excerpt__excerpt\">Venez nombreux ce mercredi 25 mars pour \u00e9changer avec Marion Kalter en d\u00e9couvrant son regard sur le musicien Pierre Boulez !<\/p><p class=\"wp-block-post-excerpt__more-text\"><a class=\"wp-block-post-excerpt__more-link\" href=\"https:\/\/www.biblio.univ-evry.fr\/index.php\/2026\/03\/18\/hommage-a-pierre-boulez\/\">Lire la suite<\/a><\/p><\/div><\/div>\n<\/div>\n\n<\/li><li class=\"wp-block-post post-14193 post type-post status-publish format-standard has-post-thumbnail hentry category-exposition\">\n\n<div class=\"wp-block-columns are-vertically-aligned-center has-background is-layout-flex wp-container-core-columns-is-layout-9d6595d7 wp-block-columns-is-layout-flex\" style=\"background-color:#ffffff\">\n<div class=\"wp-block-column is-vertically-aligned-center is-layout-flow wp-block-column-is-layout-flow\" style=\"flex-basis:25%\"><figure class=\"wp-block-post-featured-image\"><a href=\"https:\/\/www.biblio.univ-evry.fr\/index.php\/2026\/01\/30\/vie-de-campus-vi\/\" target=\"_self\"  ><img decoding=\"async\" width=\"1200\" height=\"675\" src=\"https:\/\/www.biblio.univ-evry.fr\/wp-content\/uploads\/2026\/01\/expo-vie-de-campus-IV-fb-1200x675.png\" class=\"attachment-post-thumbnail size-post-thumbnail wp-post-image\" alt=\"Vie de campus IV\" style=\"object-fit:cover;\" srcset=\"https:\/\/www.biblio.univ-evry.fr\/wp-content\/uploads\/2026\/01\/expo-vie-de-campus-IV-fb-1200x675.png 1200w, https:\/\/www.biblio.univ-evry.fr\/wp-content\/uploads\/2026\/01\/expo-vie-de-campus-IV-fb-1067x600.png 1067w, https:\/\/www.biblio.univ-evry.fr\/wp-content\/uploads\/2026\/01\/expo-vie-de-campus-IV-fb-768x432.png 768w, https:\/\/www.biblio.univ-evry.fr\/wp-content\/uploads\/2026\/01\/expo-vie-de-campus-IV-fb-1536x864.png 1536w, https:\/\/www.biblio.univ-evry.fr\/wp-content\/uploads\/2026\/01\/expo-vie-de-campus-IV-fb.png 1600w\" sizes=\"(max-width: 1200px) 100vw, 1200px\" \/><\/a><\/figure><\/div>\n\n\n\n<div class=\"wp-block-column is-vertically-aligned-center is-layout-flow wp-block-column-is-layout-flow\" style=\"flex-basis:75%\"><h3 class=\"wp-block-post-title\">Vie de campus IV<\/h3>\n\n<div class=\"has-text-align-left wp-block-post-excerpt\"><p class=\"wp-block-post-excerpt__excerpt\">Du 03 au 28\/02, retrouvez dans le hall de la BU une s\u00e9rie de photographies dans le cadre de l&rsquo;exposition Vie de campus.<\/p><p class=\"wp-block-post-excerpt__more-text\"><a class=\"wp-block-post-excerpt__more-link\" href=\"https:\/\/www.biblio.univ-evry.fr\/index.php\/2026\/01\/30\/vie-de-campus-vi\/\">Lire la suite<\/a><\/p><\/div><\/div>\n<\/div>\n\n<\/li><li class=\"wp-block-post post-12277 post type-post status-publish format-standard has-post-thumbnail hentry category-exposition\">\n\n<div class=\"wp-block-columns are-vertically-aligned-center has-background is-layout-flex wp-container-core-columns-is-layout-9d6595d7 wp-block-columns-is-layout-flex\" style=\"background-color:#ffffff\">\n<div class=\"wp-block-column is-vertically-aligned-center is-layout-flow wp-block-column-is-layout-flow\" style=\"flex-basis:25%\"><figure class=\"wp-block-post-featured-image\"><a href=\"https:\/\/www.biblio.univ-evry.fr\/index.php\/2025\/10\/09\/erasmus-days-2025\/\" target=\"_self\"  ><img decoding=\"async\" width=\"1200\" height=\"675\" src=\"https:\/\/www.biblio.univ-evry.fr\/wp-content\/uploads\/2024\/10\/erasmus-days-fb_x--1200x675.png\" class=\"attachment-post-thumbnail size-post-thumbnail wp-post-image\" alt=\"Erasmus days 2025\" style=\"object-fit:cover;\" srcset=\"https:\/\/www.biblio.univ-evry.fr\/wp-content\/uploads\/2024\/10\/erasmus-days-fb_x--1200x675.png 1200w, https:\/\/www.biblio.univ-evry.fr\/wp-content\/uploads\/2024\/10\/erasmus-days-fb_x--1067x600.png 1067w, https:\/\/www.biblio.univ-evry.fr\/wp-content\/uploads\/2024\/10\/erasmus-days-fb_x--768x432.png 768w, https:\/\/www.biblio.univ-evry.fr\/wp-content\/uploads\/2024\/10\/erasmus-days-fb_x--1536x864.png 1536w, https:\/\/www.biblio.univ-evry.fr\/wp-content\/uploads\/2024\/10\/erasmus-days-fb_x-.png 1600w\" sizes=\"(max-width: 1200px) 100vw, 1200px\" \/><\/a><\/figure><\/div>\n\n\n\n<div class=\"wp-block-column is-vertically-aligned-center is-layout-flow wp-block-column-is-layout-flow\" style=\"flex-basis:75%\"><h3 class=\"wp-block-post-title\">Erasmus days 2025<\/h3>\n\n<div class=\"has-text-align-left wp-block-post-excerpt\"><p class=\"wp-block-post-excerpt__excerpt\">Dans le cadre des Erasmus Days, la BU vous propose une exposition compl\u00e9t\u00e9e par des s\u00e9lections d&rsquo;ouvrages, \u00e0 retrouver dans les \u00e9tages.<\/p><p class=\"wp-block-post-excerpt__more-text\"><a class=\"wp-block-post-excerpt__more-link\" href=\"https:\/\/www.biblio.univ-evry.fr\/index.php\/2025\/10\/09\/erasmus-days-2025\/\">Lire la suite<\/a><\/p><\/div><\/div>\n<\/div>\n\n<\/li><li class=\"wp-block-post post-13307 post type-post status-publish format-standard has-post-thumbnail hentry category-exposition\">\n\n<div class=\"wp-block-columns are-vertically-aligned-center has-background is-layout-flex wp-container-core-columns-is-layout-9d6595d7 wp-block-columns-is-layout-flex\" style=\"background-color:#ffffff\">\n<div class=\"wp-block-column is-vertically-aligned-center is-layout-flow wp-block-column-is-layout-flow\" style=\"flex-basis:25%\"><figure class=\"wp-block-post-featured-image\"><a href=\"https:\/\/www.biblio.univ-evry.fr\/index.php\/2025\/05\/22\/e-motion-board\/\" target=\"_self\"  ><img loading=\"lazy\" decoding=\"async\" width=\"1200\" height=\"675\" src=\"https:\/\/www.biblio.univ-evry.fr\/wp-content\/uploads\/2025\/05\/e-Motion-board-1200x675.png\" class=\"attachment-post-thumbnail size-post-thumbnail wp-post-image\" alt=\"E-Motion board\" style=\"object-fit:cover;\" srcset=\"https:\/\/www.biblio.univ-evry.fr\/wp-content\/uploads\/2025\/05\/e-Motion-board-1200x675.png 1200w, https:\/\/www.biblio.univ-evry.fr\/wp-content\/uploads\/2025\/05\/e-Motion-board-1067x600.png 1067w, https:\/\/www.biblio.univ-evry.fr\/wp-content\/uploads\/2025\/05\/e-Motion-board-768x432.png 768w, https:\/\/www.biblio.univ-evry.fr\/wp-content\/uploads\/2025\/05\/e-Motion-board-1536x864.png 1536w, https:\/\/www.biblio.univ-evry.fr\/wp-content\/uploads\/2025\/05\/e-Motion-board.png 1600w\" sizes=\"(max-width: 1200px) 100vw, 1200px\" \/><\/a><\/figure><\/div>\n\n\n\n<div class=\"wp-block-column is-vertically-aligned-center is-layout-flow wp-block-column-is-layout-flow\" style=\"flex-basis:75%\"><h3 class=\"wp-block-post-title\">E-Motion board<\/h3>\n\n<div class=\"has-text-align-left wp-block-post-excerpt\"><p class=\"wp-block-post-excerpt__excerpt\">Du 2 juin au 2 juillet, venez d\u00e9couvrir dans le hall de la BU une exposition propos\u00e9e par des \u00e9tudiants de l&rsquo;UFR LAM<\/p><p class=\"wp-block-post-excerpt__more-text\"><a class=\"wp-block-post-excerpt__more-link\" href=\"https:\/\/www.biblio.univ-evry.fr\/index.php\/2025\/05\/22\/e-motion-board\/\">Lire la suite<\/a><\/p><\/div><\/div>\n<\/div>\n\n<\/li><li class=\"wp-block-post post-13098 post type-post status-publish format-standard has-post-thumbnail hentry category-exposition\">\n\n<div class=\"wp-block-columns are-vertically-aligned-center has-background is-layout-flex wp-container-core-columns-is-layout-9d6595d7 wp-block-columns-is-layout-flex\" style=\"background-color:#ffffff\">\n<div class=\"wp-block-column is-vertically-aligned-center is-layout-flow wp-block-column-is-layout-flow\" style=\"flex-basis:25%\"><figure class=\"wp-block-post-featured-image\"><a href=\"https:\/\/www.biblio.univ-evry.fr\/index.php\/2025\/03\/31\/jaces-2025\/\" target=\"_self\"  ><img loading=\"lazy\" decoding=\"async\" width=\"1200\" height=\"675\" src=\"https:\/\/www.biblio.univ-evry.fr\/wp-content\/uploads\/2025\/03\/JACES2025-1200x675.png\" class=\"attachment-post-thumbnail size-post-thumbnail wp-post-image\" alt=\"JACES 2025\" style=\"object-fit:cover;\" srcset=\"https:\/\/www.biblio.univ-evry.fr\/wp-content\/uploads\/2025\/03\/JACES2025-1200x675.png 1200w, https:\/\/www.biblio.univ-evry.fr\/wp-content\/uploads\/2025\/03\/JACES2025-1067x600.png 1067w, https:\/\/www.biblio.univ-evry.fr\/wp-content\/uploads\/2025\/03\/JACES2025-768x432.png 768w, https:\/\/www.biblio.univ-evry.fr\/wp-content\/uploads\/2025\/03\/JACES2025-1536x864.png 1536w, https:\/\/www.biblio.univ-evry.fr\/wp-content\/uploads\/2025\/03\/JACES2025.png 1600w\" sizes=\"(max-width: 1200px) 100vw, 1200px\" \/><\/a><\/figure><\/div>\n\n\n\n<div class=\"wp-block-column is-vertically-aligned-center is-layout-flow wp-block-column-is-layout-flow\" style=\"flex-basis:75%\"><h3 class=\"wp-block-post-title\">JACES 2025<\/h3>\n\n<div class=\"has-text-align-left wp-block-post-excerpt\"><p class=\"wp-block-post-excerpt__excerpt\">Dans le cadre des JACES 2025, la BU accueille ce mois d&rsquo;avril l&rsquo;exposition \u00ab\u00a0C&rsquo;est avant tout une lente fabrique de bois\u00a0\u00bb<\/p><p class=\"wp-block-post-excerpt__more-text\"><a class=\"wp-block-post-excerpt__more-link\" href=\"https:\/\/www.biblio.univ-evry.fr\/index.php\/2025\/03\/31\/jaces-2025\/\">Lire la suite<\/a><\/p><\/div><\/div>\n<\/div>\n\n<\/li><li class=\"wp-block-post post-12769 post type-post status-publish format-standard has-post-thumbnail hentry category-exposition\">\n\n<div class=\"wp-block-columns are-vertically-aligned-center has-background is-layout-flex wp-container-core-columns-is-layout-9d6595d7 wp-block-columns-is-layout-flex\" style=\"background-color:#ffffff\">\n<div class=\"wp-block-column is-vertically-aligned-center is-layout-flow wp-block-column-is-layout-flow\" style=\"flex-basis:25%\"><figure class=\"wp-block-post-featured-image\"><a href=\"https:\/\/www.biblio.univ-evry.fr\/index.php\/2025\/03\/10\/la-route-des-lettres-apulee\/\" target=\"_self\"  ><img loading=\"lazy\" decoding=\"async\" width=\"1200\" height=\"675\" src=\"https:\/\/www.biblio.univ-evry.fr\/wp-content\/uploads\/2025\/03\/APULEE2025-Prisons-France-1200x675.png\" class=\"attachment-post-thumbnail size-post-thumbnail wp-post-image\" alt=\"La route des Lettres, Apul\u00e9e\" style=\"object-fit:cover;\" srcset=\"https:\/\/www.biblio.univ-evry.fr\/wp-content\/uploads\/2025\/03\/APULEE2025-Prisons-France-1200x675.png 1200w, https:\/\/www.biblio.univ-evry.fr\/wp-content\/uploads\/2025\/03\/APULEE2025-Prisons-France-1067x600.png 1067w, https:\/\/www.biblio.univ-evry.fr\/wp-content\/uploads\/2025\/03\/APULEE2025-Prisons-France-768x432.png 768w, https:\/\/www.biblio.univ-evry.fr\/wp-content\/uploads\/2025\/03\/APULEE2025-Prisons-France-1536x864.png 1536w, https:\/\/www.biblio.univ-evry.fr\/wp-content\/uploads\/2025\/03\/APULEE2025-Prisons-France.png 1600w\" sizes=\"(max-width: 1200px) 100vw, 1200px\" \/><\/a><\/figure><\/div>\n\n\n\n<div class=\"wp-block-column is-vertically-aligned-center is-layout-flow wp-block-column-is-layout-flow\" style=\"flex-basis:75%\"><h3 class=\"wp-block-post-title\">La route des Lettres, Apul\u00e9e<\/h3>\n\n<div class=\"has-text-align-left wp-block-post-excerpt\"><p class=\"wp-block-post-excerpt__excerpt\">Du 3 au 31 mars la BU accueille l&rsquo;exposition \u00ab Les prisons en France \u00bb, dans le cadre de La route des Lettres 2025.<\/p><p class=\"wp-block-post-excerpt__more-text\"><a class=\"wp-block-post-excerpt__more-link\" href=\"https:\/\/www.biblio.univ-evry.fr\/index.php\/2025\/03\/10\/la-route-des-lettres-apulee\/\">Lire la suite<\/a><\/p><\/div><\/div>\n<\/div>\n\n<\/li><li class=\"wp-block-post post-12696 post type-post status-publish format-standard has-post-thumbnail hentry category-exposition\">\n\n<div class=\"wp-block-columns are-vertically-aligned-center has-background is-layout-flex wp-container-core-columns-is-layout-9d6595d7 wp-block-columns-is-layout-flex\" style=\"background-color:#ffffff\">\n<div class=\"wp-block-column is-vertically-aligned-center is-layout-flow wp-block-column-is-layout-flow\" style=\"flex-basis:25%\"><figure class=\"wp-block-post-featured-image\"><a href=\"https:\/\/www.biblio.univ-evry.fr\/index.php\/2025\/01\/27\/vie-de-campus-iii\/\" target=\"_self\"  ><img loading=\"lazy\" decoding=\"async\" width=\"1200\" height=\"675\" src=\"https:\/\/www.biblio.univ-evry.fr\/wp-content\/uploads\/2025\/01\/expo-vie-campus-III-1200x675.png\" class=\"attachment-post-thumbnail size-post-thumbnail wp-post-image\" alt=\"Vie de campus III\" style=\"object-fit:cover;\" srcset=\"https:\/\/www.biblio.univ-evry.fr\/wp-content\/uploads\/2025\/01\/expo-vie-campus-III-1200x675.png 1200w, https:\/\/www.biblio.univ-evry.fr\/wp-content\/uploads\/2025\/01\/expo-vie-campus-III-1067x600.png 1067w, https:\/\/www.biblio.univ-evry.fr\/wp-content\/uploads\/2025\/01\/expo-vie-campus-III-768x432.png 768w, https:\/\/www.biblio.univ-evry.fr\/wp-content\/uploads\/2025\/01\/expo-vie-campus-III-1536x864.png 1536w, https:\/\/www.biblio.univ-evry.fr\/wp-content\/uploads\/2025\/01\/expo-vie-campus-III.png 1600w\" sizes=\"(max-width: 1200px) 100vw, 1200px\" \/><\/a><\/figure><\/div>\n\n\n\n<div class=\"wp-block-column is-vertically-aligned-center is-layout-flow wp-block-column-is-layout-flow\" style=\"flex-basis:75%\"><h3 class=\"wp-block-post-title\">Vie de campus III<\/h3>\n\n<div class=\"has-text-align-left wp-block-post-excerpt\"><p class=\"wp-block-post-excerpt__excerpt\">Du 28\/01 au 28\/02, retrouvez dans le hall de la BU une s\u00e9rie de photographies dans le cadre de l&rsquo;exposition Vie de campus.<\/p><p class=\"wp-block-post-excerpt__more-text\"><a class=\"wp-block-post-excerpt__more-link\" href=\"https:\/\/www.biblio.univ-evry.fr\/index.php\/2025\/01\/27\/vie-de-campus-iii\/\">Lire la suite<\/a><\/p><\/div><\/div>\n<\/div>\n\n<\/li><li class=\"wp-block-post post-12559 post type-post status-publish format-standard has-post-thumbnail hentry category-exposition\">\n\n<div class=\"wp-block-columns are-vertically-aligned-center has-background is-layout-flex wp-container-core-columns-is-layout-9d6595d7 wp-block-columns-is-layout-flex\" style=\"background-color:#ffffff\">\n<div class=\"wp-block-column is-vertically-aligned-center is-layout-flow wp-block-column-is-layout-flow\" style=\"flex-basis:25%\"><figure class=\"wp-block-post-featured-image\"><a href=\"https:\/\/www.biblio.univ-evry.fr\/index.php\/2024\/12\/20\/just-do-maths\/\" target=\"_self\"  ><img loading=\"lazy\" decoding=\"async\" width=\"1200\" height=\"675\" src=\"https:\/\/www.biblio.univ-evry.fr\/wp-content\/uploads\/2024\/12\/expo-Just-do-maths-1200x675.png\" class=\"attachment-post-thumbnail size-post-thumbnail wp-post-image\" alt=\"\u00ab Just Do Maths ! \u00bb\" style=\"object-fit:cover;\" srcset=\"https:\/\/www.biblio.univ-evry.fr\/wp-content\/uploads\/2024\/12\/expo-Just-do-maths-1200x675.png 1200w, https:\/\/www.biblio.univ-evry.fr\/wp-content\/uploads\/2024\/12\/expo-Just-do-maths-1067x600.png 1067w, https:\/\/www.biblio.univ-evry.fr\/wp-content\/uploads\/2024\/12\/expo-Just-do-maths-768x432.png 768w, https:\/\/www.biblio.univ-evry.fr\/wp-content\/uploads\/2024\/12\/expo-Just-do-maths-1536x864.png 1536w, https:\/\/www.biblio.univ-evry.fr\/wp-content\/uploads\/2024\/12\/expo-Just-do-maths.png 1600w\" sizes=\"(max-width: 1200px) 100vw, 1200px\" \/><\/a><\/figure><\/div>\n\n\n\n<div class=\"wp-block-column is-vertically-aligned-center is-layout-flow wp-block-column-is-layout-flow\" style=\"flex-basis:75%\"><h3 class=\"wp-block-post-title\">\u00ab Just Do Maths ! \u00bb<\/h3>\n\n<div class=\"has-text-align-left wp-block-post-excerpt\"><p class=\"wp-block-post-excerpt__excerpt\">Du 8 au 27 janvier 2025, la BU met \u00e0 l&rsquo;honneur des math\u00e9maticiennes de l&rsquo;universit\u00e9 Paris-Saclay, au travers d&rsquo;une exposition dans le hall<\/p><p class=\"wp-block-post-excerpt__more-text\"><a class=\"wp-block-post-excerpt__more-link\" href=\"https:\/\/www.biblio.univ-evry.fr\/index.php\/2024\/12\/20\/just-do-maths\/\">Lire la suite<\/a><\/p><\/div><\/div>\n<\/div>\n\n<\/li><li class=\"wp-block-post post-12466 post type-post status-publish format-standard has-post-thumbnail hentry category-exposition\">\n\n<div class=\"wp-block-columns are-vertically-aligned-center has-background is-layout-flex wp-container-core-columns-is-layout-9d6595d7 wp-block-columns-is-layout-flex\" style=\"background-color:#ffffff\">\n<div class=\"wp-block-column is-vertically-aligned-center is-layout-flow wp-block-column-is-layout-flow\" style=\"flex-basis:25%\"><figure class=\"wp-block-post-featured-image\"><a href=\"https:\/\/www.biblio.univ-evry.fr\/index.php\/2024\/11\/28\/mots-et-images-du-front-1914-1918\/\" target=\"_self\"  ><img loading=\"lazy\" decoding=\"async\" width=\"1200\" height=\"675\" src=\"https:\/\/www.biblio.univ-evry.fr\/wp-content\/uploads\/2024\/11\/Memoire-musicale-soldats-1200x675.png\" class=\"attachment-post-thumbnail size-post-thumbnail wp-post-image\" alt=\"Mots et images du Front : 1914-1918\" style=\"object-fit:cover;\" srcset=\"https:\/\/www.biblio.univ-evry.fr\/wp-content\/uploads\/2024\/11\/Memoire-musicale-soldats-1200x675.png 1200w, https:\/\/www.biblio.univ-evry.fr\/wp-content\/uploads\/2024\/11\/Memoire-musicale-soldats-1067x600.png 1067w, https:\/\/www.biblio.univ-evry.fr\/wp-content\/uploads\/2024\/11\/Memoire-musicale-soldats-768x432.png 768w, https:\/\/www.biblio.univ-evry.fr\/wp-content\/uploads\/2024\/11\/Memoire-musicale-soldats-1536x864.png 1536w, https:\/\/www.biblio.univ-evry.fr\/wp-content\/uploads\/2024\/11\/Memoire-musicale-soldats.png 1600w\" sizes=\"(max-width: 1200px) 100vw, 1200px\" \/><\/a><\/figure><\/div>\n\n\n\n<div class=\"wp-block-column is-vertically-aligned-center is-layout-flow wp-block-column-is-layout-flow\" style=\"flex-basis:75%\"><h3 class=\"wp-block-post-title\">Mots et images du Front : 1914-1918<\/h3>\n\n<div class=\"has-text-align-left wp-block-post-excerpt\"><p class=\"wp-block-post-excerpt__excerpt\">Du 3 d\u00e9cembre au 6 janvier, venez d\u00e9couvrir cette exposition originale qui vous plonge au c\u0153ur de la 1\u00e8re guerre mondiale<\/p><p class=\"wp-block-post-excerpt__more-text\"><a class=\"wp-block-post-excerpt__more-link\" href=\"https:\/\/www.biblio.univ-evry.fr\/index.php\/2024\/11\/28\/mots-et-images-du-front-1914-1918\/\">Lire la suite<\/a><\/p><\/div><\/div>\n<\/div>\n\n<\/li><li class=\"wp-block-post post-12139 post type-post status-publish format-standard has-post-thumbnail hentry category-expo-en-ligne category-projection\">\n\n<div class=\"wp-block-columns are-vertically-aligned-center has-background is-layout-flex wp-container-core-columns-is-layout-9d6595d7 wp-block-columns-is-layout-flex\" style=\"background-color:#ffffff\">\n<div class=\"wp-block-column is-vertically-aligned-center is-layout-flow wp-block-column-is-layout-flow\" style=\"flex-basis:25%\"><figure class=\"wp-block-post-featured-image\"><a href=\"https:\/\/www.biblio.univ-evry.fr\/index.php\/2024\/09\/24\/fds-2024-ocean-de-savoirs\/\" target=\"_self\"  ><img loading=\"lazy\" decoding=\"async\" width=\"1200\" height=\"675\" src=\"https:\/\/www.biblio.univ-evry.fr\/wp-content\/uploads\/2024\/09\/2024-fete-science-1200x675.png\" class=\"attachment-post-thumbnail size-post-thumbnail wp-post-image\" alt=\"FDS 2024 : Oc\u00e9ans de savoirs\" style=\"object-fit:cover;\" srcset=\"https:\/\/www.biblio.univ-evry.fr\/wp-content\/uploads\/2024\/09\/2024-fete-science-1200x675.png 1200w, https:\/\/www.biblio.univ-evry.fr\/wp-content\/uploads\/2024\/09\/2024-fete-science-1067x600.png 1067w, https:\/\/www.biblio.univ-evry.fr\/wp-content\/uploads\/2024\/09\/2024-fete-science-768x432.png 768w, https:\/\/www.biblio.univ-evry.fr\/wp-content\/uploads\/2024\/09\/2024-fete-science-1536x864.png 1536w, https:\/\/www.biblio.univ-evry.fr\/wp-content\/uploads\/2024\/09\/2024-fete-science.png 1600w\" sizes=\"(max-width: 1200px) 100vw, 1200px\" \/><\/a><\/figure><\/div>\n\n\n\n<div class=\"wp-block-column is-vertically-aligned-center is-layout-flow wp-block-column-is-layout-flow\" style=\"flex-basis:75%\"><h3 class=\"wp-block-post-title\">FDS 2024 : Oc\u00e9ans de savoirs<\/h3>\n\n<div class=\"has-text-align-left wp-block-post-excerpt\"><p class=\"wp-block-post-excerpt__excerpt\">Dans le cadre de la F\u00eate de la Science, la BU vous propose une exposition virtuelle con\u00e7ue par le CNRS et une projection de film documentaire.<\/p><p class=\"wp-block-post-excerpt__more-text\"><a class=\"wp-block-post-excerpt__more-link\" href=\"https:\/\/www.biblio.univ-evry.fr\/index.php\/2024\/09\/24\/fds-2024-ocean-de-savoirs\/\">Lire la suite<\/a><\/p><\/div><\/div>\n<\/div>\n\n<\/li><\/ul>\n\n<nav class=\"wp-block-query-pagination is-content-justification-center is-layout-flex wp-container-core-query-pagination-is-layout-16018d1d wp-block-query-pagination-is-layout-flex\" aria-label=\"Pagination\">\n\n\n<div class=\"wp-block-query-pagination-numbers\"><span aria-current=\"page\" class=\"page-numbers current\">1<\/span>\n<a class=\"page-numbers\" href=\"?query-7-page=2\">2<\/a>\n<a class=\"page-numbers\" href=\"?query-7-page=3\">3<\/a>\n<span class=\"page-numbers dots\">\u2026<\/span>\n<a class=\"page-numbers\" href=\"?query-7-page=5\">5<\/a><\/div>\n\n<a href=\"\/index.php\/wp-json\/wp\/v2\/pages\/4674?query-7-page=2\" class=\"wp-block-query-pagination-next\">Page suivante<\/a>\n<\/nav><\/div>\n","protected":false},"excerpt":{"rendered":"<p>Des questions \u00e0 propos des expositions pass\u00e9es, des demandes sp\u00e9cifiques, &#8230;<\/p>\n","protected":false},"author":14,"featured_media":0,"parent":7407,"menu_order":0,"comment_status":"closed","ping_status":"closed","template":"","meta":{"wpupg_custom_link":[],"wpupg_custom_link_behaviour":[],"wpupg_custom_link_nofollow":[],"wpupg_custom_image":[],"wpupg_custom_image_id":[],"footnotes":""},"class_list":["post-4674","page","type-page","status-publish","hentry"],"_links":{"self":[{"href":"https:\/\/www.biblio.univ-evry.fr\/index.php\/wp-json\/wp\/v2\/pages\/4674","targetHints":{"allow":["GET"]}}],"collection":[{"href":"https:\/\/www.biblio.univ-evry.fr\/index.php\/wp-json\/wp\/v2\/pages"}],"about":[{"href":"https:\/\/www.biblio.univ-evry.fr\/index.php\/wp-json\/wp\/v2\/types\/page"}],"author":[{"embeddable":true,"href":"https:\/\/www.biblio.univ-evry.fr\/index.php\/wp-json\/wp\/v2\/users\/14"}],"replies":[{"embeddable":true,"href":"https:\/\/www.biblio.univ-evry.fr\/index.php\/wp-json\/wp\/v2\/comments?post=4674"}],"version-history":[{"count":48,"href":"https:\/\/www.biblio.univ-evry.fr\/index.php\/wp-json\/wp\/v2\/pages\/4674\/revisions"}],"predecessor-version":[{"id":7404,"href":"https:\/\/www.biblio.univ-evry.fr\/index.php\/wp-json\/wp\/v2\/pages\/4674\/revisions\/7404"}],"up":[{"embeddable":true,"href":"https:\/\/www.biblio.univ-evry.fr\/index.php\/wp-json\/wp\/v2\/pages\/7407"}],"wp:attachment":[{"href":"https:\/\/www.biblio.univ-evry.fr\/index.php\/wp-json\/wp\/v2\/media?parent=4674"}],"curies":[{"name":"wp","href":"https:\/\/api.w.org\/{rel}","templated":true}]}}