{"id":167,"date":"2020-06-30T12:37:48","date_gmt":"2020-06-30T10:37:48","guid":{"rendered":"https:\/\/newweb.biblio.univ-evry.fr\/?page_id=167"},"modified":"2026-04-28T09:35:58","modified_gmt":"2026-04-28T07:35:58","slug":"accueil","status":"publish","type":"page","link":"https:\/\/www.biblio.univ-evry.fr\/","title":{"rendered":"Accueil"},"content":{"rendered":"\t\t<div data-elementor-type=\"wp-page\" data-elementor-id=\"167\" class=\"elementor elementor-167\">\n\t\t\t\t\t\t<section class=\"elementor-section elementor-top-section elementor-element elementor-element-41589a3 elementor-section-full_width elementor-section-height-default elementor-section-height-default\" data-id=\"41589a3\" data-element_type=\"section\" data-e-type=\"section\">\n\t\t\t\t\t\t<div class=\"elementor-container elementor-column-gap-default\">\n\t\t\t\t\t<div class=\"elementor-column elementor-col-100 elementor-top-column elementor-element elementor-element-71efa2f3\" data-id=\"71efa2f3\" data-element_type=\"column\" data-e-type=\"column\">\n\t\t\t<div class=\"elementor-widget-wrap elementor-element-populated\">\n\t\t\t\t\t\t<div class=\"elementor-element elementor-element-33adc4e elementor-alert-info elementor-widget elementor-widget-alert\" data-id=\"33adc4e\" data-element_type=\"widget\" data-e-type=\"widget\" data-widget_type=\"alert.default\">\n\t\t\t\t<div class=\"elementor-widget-container\">\n\t\t\t\t\t\t\t<div class=\"elementor-alert\" role=\"alert\">\n\n\t\t\t\t\t\t<span class=\"elementor-alert-title\">\u26a0\ufe0f Fermetures exceptionnelles \u26a0\ufe0f<\/span>\n\t\t\t\n\t\t\t\t\t\t<span class=\"elementor-alert-description\">La <b>biblioth\u00e8que du Facteur Cheval<\/b> sera ferm\u00e9e du <b>27 au 30 avril 2026 inclus<\/b>, ainsi que du <b>11 au 15 mai inclus.<\/b> <br>\nDurant le mois de mai, la <b>biblioth\u00e8que centrale<\/b> sera ferm\u00e9e les jours suivants : <b> le 1er, 8, 14, 15, 16 et 25 mai 2026.<\/b> <br>\nMerci de votre compr\u00e9hension.<\/span>\n\t\t\t\n\t\t\t\n\t\t<\/div>\n\t\t\t\t\t\t<\/div>\n\t\t\t\t<\/div>\n\t\t\t\t<section class=\"elementor-section elementor-inner-section elementor-element elementor-element-e1c26d3 elementor-section-boxed elementor-section-height-default elementor-section-height-default\" data-id=\"e1c26d3\" data-element_type=\"section\" data-e-type=\"section\">\n\t\t\t\t\t\t<div class=\"elementor-container elementor-column-gap-narrow\">\n\t\t\t\t\t<div class=\"elementor-column elementor-col-25 elementor-inner-column elementor-element elementor-element-e12cab6\" data-id=\"e12cab6\" data-element_type=\"column\" data-e-type=\"column\">\n\t\t\t<div class=\"elementor-widget-wrap elementor-element-populated\">\n\t\t\t\t\t\t<div class=\"elementor-element elementor-element-44d62c64 elementor-align-right elementor-mobile-align-center elementor-widget elementor-widget-button\" data-id=\"44d62c64\" data-element_type=\"widget\" data-e-type=\"widget\" data-widget_type=\"button.default\">\n\t\t\t\t<div class=\"elementor-widget-container\">\n\t\t\t\t\t\t\t\t\t<div class=\"elementor-button-wrapper\">\n\t\t\t\t\t<a class=\"elementor-button elementor-button-link elementor-size-lg\" href=\"http:\/\/www.biblio.univ-evry.fr\/sedeco\/index.html\">\n\t\t\t\t\t\t<span class=\"elementor-button-content-wrapper\">\n\t\t\t\t\t\t\t\t\t<span class=\"elementor-button-text\">Imprimer \u00e0 la BU<\/span>\n\t\t\t\t\t<\/span>\n\t\t\t\t\t<\/a>\n\t\t\t\t<\/div>\n\t\t\t\t\t\t\t\t<\/div>\n\t\t\t\t<\/div>\n\t\t\t\t\t<\/div>\n\t\t<\/div>\n\t\t\t\t<div class=\"elementor-column elementor-col-25 elementor-inner-column elementor-element elementor-element-050df24\" data-id=\"050df24\" data-element_type=\"column\" data-e-type=\"column\">\n\t\t\t<div class=\"elementor-widget-wrap elementor-element-populated\">\n\t\t\t\t\t\t<div class=\"elementor-element elementor-element-58c9d929 elementor-align-center elementor-widget elementor-widget-button\" data-id=\"58c9d929\" data-element_type=\"widget\" data-e-type=\"widget\" data-widget_type=\"button.default\">\n\t\t\t\t<div class=\"elementor-widget-container\">\n\t\t\t\t\t\t\t\t\t<div class=\"elementor-button-wrapper\">\n\t\t\t\t\t<a class=\"elementor-button elementor-button-link elementor-size-lg\" href=\"https:\/\/affluences.com\/bu-centrale\/reservation?\">\n\t\t\t\t\t\t<span class=\"elementor-button-content-wrapper\">\n\t\t\t\t\t\t\t\t\t<span class=\"elementor-button-text\">R\u00e9server une salle<\/span>\n\t\t\t\t\t<\/span>\n\t\t\t\t\t<\/a>\n\t\t\t\t<\/div>\n\t\t\t\t\t\t\t\t<\/div>\n\t\t\t\t<\/div>\n\t\t\t\t\t<\/div>\n\t\t<\/div>\n\t\t\t\t<div class=\"elementor-column elementor-col-25 elementor-inner-column elementor-element elementor-element-ee45f1e\" data-id=\"ee45f1e\" data-element_type=\"column\" data-e-type=\"column\">\n\t\t\t<div class=\"elementor-widget-wrap elementor-element-populated\">\n\t\t\t\t\t\t<div class=\"elementor-element elementor-element-ed2ff14 elementor-align-center elementor-widget elementor-widget-button\" data-id=\"ed2ff14\" data-element_type=\"widget\" data-e-type=\"widget\" data-widget_type=\"button.default\">\n\t\t\t\t<div class=\"elementor-widget-container\">\n\t\t\t\t\t\t\t\t\t<div class=\"elementor-button-wrapper\">\n\t\t\t\t\t<a class=\"elementor-button elementor-button-link elementor-size-lg\" href=\"https:\/\/quitus.biblio.univ-evry.fr\/\">\n\t\t\t\t\t\t<span class=\"elementor-button-content-wrapper\">\n\t\t\t\t\t\t\t\t\t<span class=\"elementor-button-text\">G\u00e9n\u00e9rer un quitus<\/span>\n\t\t\t\t\t<\/span>\n\t\t\t\t\t<\/a>\n\t\t\t\t<\/div>\n\t\t\t\t\t\t\t\t<\/div>\n\t\t\t\t<\/div>\n\t\t\t\t\t<\/div>\n\t\t<\/div>\n\t\t\t\t<div class=\"elementor-column elementor-col-25 elementor-inner-column elementor-element elementor-element-64826fb\" data-id=\"64826fb\" data-element_type=\"column\" data-e-type=\"column\">\n\t\t\t<div class=\"elementor-widget-wrap elementor-element-populated\">\n\t\t\t\t\t\t<div class=\"elementor-element elementor-element-c60ea4a elementor-align-left elementor-mobile-align-center elementor-widget elementor-widget-button\" data-id=\"c60ea4a\" data-element_type=\"widget\" data-e-type=\"widget\" data-widget_type=\"button.default\">\n\t\t\t\t<div class=\"elementor-widget-container\">\n\t\t\t\t\t\t\t\t\t<div class=\"elementor-button-wrapper\">\n\t\t\t\t\t<a class=\"elementor-button elementor-button-link elementor-size-lg\" href=\"https:\/\/biblioteclaire.biblio.univ-evry.fr\/\">\n\t\t\t\t\t\t<span class=\"elementor-button-content-wrapper\">\n\t\t\t\t\t\t\t\t\t<span class=\"elementor-button-text\">Biblio t'\u00e9claire<\/span>\n\t\t\t\t\t<\/span>\n\t\t\t\t\t<\/a>\n\t\t\t\t<\/div>\n\t\t\t\t\t\t\t\t<\/div>\n\t\t\t\t<\/div>\n\t\t\t\t\t<\/div>\n\t\t<\/div>\n\t\t\t\t\t<\/div>\n\t\t<\/section>\n\t\t\t\t<div class=\"elementor-element elementor-element-7d76cb4c elementor-widget elementor-widget-shortcode\" data-id=\"7d76cb4c\" data-element_type=\"widget\" data-e-type=\"widget\" data-widget_type=\"shortcode.default\">\n\t\t\t\t<div class=\"elementor-widget-container\">\n\t\t\t\t\t\t\t<div class=\"elementor-shortcode\"><script charset=\"UTF-8\" src=\"https:\/\/webapi.affluences.com\/js\/timetable_api_latest.min.js\"><\/script>\n\n<div class=\"affluences-timetable\" data-token=\"IZwoTa51NfS10Z\"><\/div><\/div>\n\t\t\t\t\t\t<\/div>\n\t\t\t\t<\/div>\n\t\t\t\t<div class=\"elementor-element elementor-element-1048fbd elementor-widget elementor-widget-text-editor\" data-id=\"1048fbd\" data-element_type=\"widget\" data-e-type=\"widget\" data-widget_type=\"text-editor.default\">\n\t\t\t\t<div class=\"elementor-widget-container\">\n\t\t\t\t\t\t\t\t\t\n<h2 class=\"wp-block-heading\">Actualit\u00e9s<\/h2>\n\n<div class=\"wp-block-columns desktop-actu is-layout-flex wp-container-core-columns-is-layout-9d6595d7 wp-block-columns-is-layout-flex\">\n<div class=\"wp-block-column is-layout-flow wp-block-column-is-layout-flow\"> <div class='white' style='background:rgba(0,0,0,0); border:solid 0px rgba(0,0,0,0); border-radius:0px; padding:0px 0px 0px 0px;'>\n<div id='slider_3924' class='owl-carousel sa_owl_theme autohide-arrows' data-slider-id='slider_3924' style='visibility:hidden;'>\n<div id='slider_3924_slide01' class='sa_hover_container' style='padding:3% 3%; margin:0px 3%; background-color:rgb(255, 255, 255); '><p>  <small><a href=\"https:\/\/www.biblio.univ-evry.fr\/index.php\/category\/actu\/collections\/publication-chercheurs\/\">Publications de chercheurs<\/a><\/small> <img fetchpriority=\"high\" decoding=\"async\" width=\"1600\" height=\"900\" src=\"https:\/\/www.biblio.univ-evry.fr\/wp-content\/uploads\/2025\/07\/Evry-publie-responsabilite-reparation.png\" class=\"attachment-full size-full wp-post-image\" alt=\"\" srcset=\"https:\/\/www.biblio.univ-evry.fr\/wp-content\/uploads\/2025\/07\/Evry-publie-responsabilite-reparation.png 1600w, https:\/\/www.biblio.univ-evry.fr\/wp-content\/uploads\/2025\/07\/Evry-publie-responsabilite-reparation-1067x600.png 1067w, https:\/\/www.biblio.univ-evry.fr\/wp-content\/uploads\/2025\/07\/Evry-publie-responsabilite-reparation-768x432.png 768w, https:\/\/www.biblio.univ-evry.fr\/wp-content\/uploads\/2025\/07\/Evry-publie-responsabilite-reparation-1536x864.png 1536w, https:\/\/www.biblio.univ-evry.fr\/wp-content\/uploads\/2025\/07\/Evry-publie-responsabilite-reparation-1200x675.png 1200w\" sizes=\"(max-width: 1600px) 100vw, 1600px\" \/><\/p>\r\n<h3><a  href=\"https:\/\/ueve.focus.universite-paris-saclay.fr\/permalink\/f\/1olpb40\/33PUP_Alma_UNIMARC21298675440006051\">Responsabilit\u00e9, r\u00e9paration, proportionnalit\u00e9<\/a><\/h3>\r\n<p>Par Jean-S\u00e9bastien Borghetti, Mustapha Mekki, Yannick Pagnerre et Louis Thibierge. Dalloz, 2025&#8230;.<\/p>\r\n<p class=\"btn\" style=\"text-align: center;\"><a  href=\"https:\/\/ueve.focus.universite-paris-saclay.fr\/permalink\/f\/1olpb40\/33PUP_Alma_UNIMARC21298675440006051\">Lire la suite<\/a><\/p>\r\n<p>                                                                                                               <\/p><\/div>\n<div id='slider_3924_slide02' class='sa_hover_container' style='padding:3% 3%; margin:0px 3%; background-color:rgb(255, 255, 255); '><p>    <small><a href=\"https:\/\/www.biblio.univ-evry.fr\/index.php\/category\/actu\/collections\/publication-chercheurs\/\">Publications de chercheurs<\/a><\/small> <img decoding=\"async\" width=\"1600\" height=\"900\" src=\"https:\/\/www.biblio.univ-evry.fr\/wp-content\/uploads\/2025\/05\/Evry-publie-Ecrire-histoire-harcelement-sexuel.png\" class=\"attachment-full size-full wp-post-image\" alt=\"\" srcset=\"https:\/\/www.biblio.univ-evry.fr\/wp-content\/uploads\/2025\/05\/Evry-publie-Ecrire-histoire-harcelement-sexuel.png 1600w, https:\/\/www.biblio.univ-evry.fr\/wp-content\/uploads\/2025\/05\/Evry-publie-Ecrire-histoire-harcelement-sexuel-1067x600.png 1067w, https:\/\/www.biblio.univ-evry.fr\/wp-content\/uploads\/2025\/05\/Evry-publie-Ecrire-histoire-harcelement-sexuel-768x432.png 768w, https:\/\/www.biblio.univ-evry.fr\/wp-content\/uploads\/2025\/05\/Evry-publie-Ecrire-histoire-harcelement-sexuel-1536x864.png 1536w, https:\/\/www.biblio.univ-evry.fr\/wp-content\/uploads\/2025\/05\/Evry-publie-Ecrire-histoire-harcelement-sexuel-1200x675.png 1200w\" sizes=\"(max-width: 1600px) 100vw, 1600px\" \/><\/p>\r\n<h3><a  href=\"https:\/\/ueve.focus.universite-paris-saclay.fr\/permalink\/f\/1olpb40\/33PUP_Alma_UNIMARC21296479020006051\">\u00c9crire l&rsquo;histoire du harc\u00e8lement sexuel sur la longue dur\u00e9e<\/a><\/h3>\r\n<p>Par R\u00e9jane Hamus-Vall\u00e9e et Armel Dubois-Nayt. L&rsquo;Harmattan, 2024&#8230;.<\/p>\r\n<p class=\"btn\" style=\"text-align: center;\"><a  href=\"https:\/\/ueve.focus.universite-paris-saclay.fr\/permalink\/f\/1olpb40\/33PUP_Alma_UNIMARC21296479020006051\">Lire la suite<\/a><\/p>\r\n<p>                                                                                                             <\/p><\/div>\n<div id='slider_3924_slide03' class='sa_hover_container' style='padding:3% 3%; margin:0px 3%; background-color:rgb(255, 255, 255); '><p>      <small><a href=\"https:\/\/www.biblio.univ-evry.fr\/index.php\/category\/actu\/collections\/publication-chercheurs\/\">Publications de chercheurs<\/a><\/small> <img decoding=\"async\" width=\"1600\" height=\"900\" src=\"https:\/\/www.biblio.univ-evry.fr\/wp-content\/uploads\/2025\/03\/evry-publie-Cours-epistemologie-normative.png\" class=\"attachment-full size-full wp-post-image\" alt=\"\" srcset=\"https:\/\/www.biblio.univ-evry.fr\/wp-content\/uploads\/2025\/03\/evry-publie-Cours-epistemologie-normative.png 1600w, https:\/\/www.biblio.univ-evry.fr\/wp-content\/uploads\/2025\/03\/evry-publie-Cours-epistemologie-normative-1067x600.png 1067w, https:\/\/www.biblio.univ-evry.fr\/wp-content\/uploads\/2025\/03\/evry-publie-Cours-epistemologie-normative-768x432.png 768w, https:\/\/www.biblio.univ-evry.fr\/wp-content\/uploads\/2025\/03\/evry-publie-Cours-epistemologie-normative-1536x864.png 1536w, https:\/\/www.biblio.univ-evry.fr\/wp-content\/uploads\/2025\/03\/evry-publie-Cours-epistemologie-normative-1200x675.png 1200w\" sizes=\"(max-width: 1600px) 100vw, 1600px\" \/><\/p>\r\n<h3><a  href=\"https:\/\/ueve.focus.universite-paris-saclay.fr\/permalink\/f\/1olpb40\/33PUP_Alma_UNIMARC21295663970006051\">Cours d&rsquo;\u00e9pist\u00e9mologie normative \u00e0 l&rsquo;attention prioritaire du chercheur en gestion<\/a><\/h3>\r\n<p>Par R\u00e9mi Jardat. Presses de l&rsquo;Universit\u00e9 Laval, 2024&#8230;.<\/p>\r\n<p class=\"btn\" style=\"text-align: center;\"><a  href=\"https:\/\/ueve.focus.universite-paris-saclay.fr\/permalink\/f\/1olpb40\/33PUP_Alma_UNIMARC21295663970006051\">Lire la suite<\/a><\/p>\r\n<p>                                                                                                           <\/p><\/div>\n<\/div>\n<\/div>\n<script type='text\/javascript'>\n\tdocument.addEventListener('DOMContentLoaded', function() {\n\t\tjQuery('#slider_3924').owlCarousel({\n\t\t\titems : 1,\n\t\t\tsmartSpeed : 1000,\n\t\t\tautoplay : true,\n\t\t\tautoplayTimeout : 4000,\n\t\t\tautoplayHoverPause : true,\n\t\t\tsmartSpeed : 1000,\n\t\t\tfluidSpeed : 1000,\n\t\t\tautoplaySpeed : 1000,\n\t\t\tnavSpeed : 1000,\n\t\t\tdotsSpeed : 1000,\n\t\t\tloop : true,\n\t\t\tnav : true,\n\t\t\tnavText : ['Previous','Next'],\n\t\t\tdots : false,\n\t\t\tresponsiveRefreshRate : 200,\n\t\t\tslideBy : 1,\n\t\t\tmergeFit : true,\n\t\t\tautoHeight : false,\n\t\t\tmouseDrag : true,\n\t\t\ttouchDrag : true\n\t\t});\n\t\tjQuery('#slider_3924').css('visibility', 'visible');\n\t\tsa_resize_slider_3924();\n\t\twindow.addEventListener('resize', sa_resize_slider_3924);\n\t\tfunction sa_resize_slider_3924() {\n\t\t\tvar min_height = '50';\n\t\t\tvar win_width = jQuery(window).width();\n\t\t\tvar slider_width = jQuery('#slider_3924').width();\n\t\t\tif (win_width < 480) {\n\t\t\t\tvar slide_width = slider_width \/ 1;\n\t\t\t} else if (win_width < 768) {\n\t\t\t\tvar slide_width = slider_width \/ 1;\n\t\t\t} else if (win_width < 980) {\n\t\t\t\tvar slide_width = slider_width \/ 1;\n\t\t\t} else if (win_width < 1200) {\n\t\t\t\tvar slide_width = slider_width \/ 1;\n\t\t\t} else if (win_width < 1500) {\n\t\t\t\tvar slide_width = slider_width \/ 1;\n\t\t\t} else {\n\t\t\t\tvar slide_width = slider_width \/ 1;\n\t\t\t}\n\t\t\tslide_width = Math.round(slide_width);\n\t\t\tvar slide_height = '0';\n\t\t\tif (min_height == 'aspect43') {\n\t\t\t\tslide_height = (slide_width \/ 4) * 3;\t\t\t\tslide_height = Math.round(slide_height);\n\t\t\t} else if (min_height == 'aspect169') {\n\t\t\t\tslide_height = (slide_width \/ 16) * 9;\t\t\t\tslide_height = Math.round(slide_height);\n\t\t\t} else {\n\t\t\t\tslide_height = (slide_width \/ 100) * min_height;\t\t\t\tslide_height = Math.round(slide_height);\n\t\t\t}\n\t\t\tjQuery('#slider_3924 .owl-item .sa_hover_container').css('min-height', slide_height+'px');\n\t\t}\n\t\tvar owl_goto = jQuery('#slider_3924');\n\t\tjQuery('.slider_3924_goto1').click(function(event){\n\t\t\towl_goto.trigger('to.owl.carousel', 0);\n\t\t});\n\t\tjQuery('.slider_3924_goto2').click(function(event){\n\t\t\towl_goto.trigger('to.owl.carousel', 1);\n\t\t});\n\t\tjQuery('.slider_3924_goto3').click(function(event){\n\t\t\towl_goto.trigger('to.owl.carousel', 2);\n\t\t});\n\t\tvar resize_3924 = jQuery('.owl-carousel');\n\t\tresize_3924.on('initialized.owl.carousel', function(e) {\n\t\t\tif (typeof(Event) === 'function') {\n\t\t\t\twindow.dispatchEvent(new Event('resize'));\n\t\t\t} else {\n\t\t\t\tvar evt = window.document.createEvent('UIEvents');\n\t\t\t\tevt.initUIEvent('resize', true, false, window, 0);\n\t\t\t\twindow.dispatchEvent(evt);\n\t\t\t}\n\t\t});\n\t});\n<\/script>\n <\/div>\n\n<div class=\"wp-block-column is-layout-flow wp-block-column-is-layout-flow\"> <div class='white' style='background:rgba(0,0,0,0); border:solid 0px rgba(0,0,0,0); border-radius:0px; padding:0px 0px 0px 0px;'>\n<div id='slider_3922' class='owl-carousel sa_owl_theme autohide-arrows' data-slider-id='slider_3922' style='visibility:hidden;'>\n<div id='slider_3922_slide01' class='sa_hover_container' style='padding:3% 3%; margin:0px 3%; background-color:rgb(255, 255, 255); '><p>  <small><a href=\"https:\/\/www.biblio.univ-evry.fr\/index.php\/category\/actu\/actions-culturelles\/exposition\/\">Exposition<\/a><\/small> <img loading=\"lazy\" decoding=\"async\" width=\"2000\" height=\"1125\" src=\"https:\/\/www.biblio.univ-evry.fr\/wp-content\/uploads\/2026\/03\/Visuel-Marc-Bloc-2-518.5-x-291.65-mm.jpg\" class=\"attachment-full size-full wp-post-image\" alt=\"\" srcset=\"https:\/\/www.biblio.univ-evry.fr\/wp-content\/uploads\/2026\/03\/Visuel-Marc-Bloc-2-518.5-x-291.65-mm.jpg 2000w, https:\/\/www.biblio.univ-evry.fr\/wp-content\/uploads\/2026\/03\/Visuel-Marc-Bloc-2-518.5-x-291.65-mm-1067x600.jpg 1067w, https:\/\/www.biblio.univ-evry.fr\/wp-content\/uploads\/2026\/03\/Visuel-Marc-Bloc-2-518.5-x-291.65-mm-1820x1024.jpg 1820w, https:\/\/www.biblio.univ-evry.fr\/wp-content\/uploads\/2026\/03\/Visuel-Marc-Bloc-2-518.5-x-291.65-mm-768x432.jpg 768w, https:\/\/www.biblio.univ-evry.fr\/wp-content\/uploads\/2026\/03\/Visuel-Marc-Bloc-2-518.5-x-291.65-mm-1536x864.jpg 1536w, https:\/\/www.biblio.univ-evry.fr\/wp-content\/uploads\/2026\/03\/Visuel-Marc-Bloc-2-518.5-x-291.65-mm-1200x675.jpg 1200w, https:\/\/www.biblio.univ-evry.fr\/wp-content\/uploads\/2026\/03\/Visuel-Marc-Bloc-2-518.5-x-291.65-mm-1980x1114.jpg 1980w\" sizes=\"(max-width: 2000px) 100vw, 2000px\" \/><\/p>\r\n<h3><a  href=\"https:\/\/www.biblio.univ-evry.fr\/index.php\/2026\/03\/20\/marc-bloch-1886-1944-historien-et-engage\/\">\u00ab\u00a0Marc Bloch (1886-1944), historien et engag\u00e9\u00a0\u00bb<\/a><\/h3>\r\n<p>Venez d\u00e9couvrir l'exposition en l'honneur de l'historien Marc Bloch, con\u00e7ue par les \u00e9tudiants en master Histoire sp\u00e9cialement pour les Nocturnes...<\/p>\r\n<p class=\"btn\" style=\"text-align: center\"><a  href=\"https:\/\/www.biblio.univ-evry.fr\/index.php\/2026\/03\/20\/marc-bloch-1886-1944-historien-et-engage\/\">Lire la suite<\/a><\/p>\r\n<p>                                                                                                                                       <\/p><\/div>\n<div id='slider_3922_slide02' class='sa_hover_container' style='padding:3% 3%; margin:0px 3%; background-color:rgb(255, 255, 255); '><p>    <small><a href=\"https:\/\/www.biblio.univ-evry.fr\/index.php\/category\/actu\/actions-culturelles\/exposition\/\">Exposition<\/a>, <a href=\"https:\/\/www.biblio.univ-evry.fr\/index.php\/category\/actu\/actions-culturelles\/seminaire\/\">S\u00e9minaire<\/a><\/small> <img loading=\"lazy\" decoding=\"async\" width=\"1600\" height=\"900\" src=\"https:\/\/www.biblio.univ-evry.fr\/wp-content\/uploads\/2026\/03\/Visuel-Boulez-2-1.jpg\" class=\"attachment-full size-full wp-post-image\" alt=\"\" srcset=\"https:\/\/www.biblio.univ-evry.fr\/wp-content\/uploads\/2026\/03\/Visuel-Boulez-2-1.jpg 1600w, https:\/\/www.biblio.univ-evry.fr\/wp-content\/uploads\/2026\/03\/Visuel-Boulez-2-1-1067x600.jpg 1067w, https:\/\/www.biblio.univ-evry.fr\/wp-content\/uploads\/2026\/03\/Visuel-Boulez-2-1-768x432.jpg 768w, https:\/\/www.biblio.univ-evry.fr\/wp-content\/uploads\/2026\/03\/Visuel-Boulez-2-1-1536x864.jpg 1536w, https:\/\/www.biblio.univ-evry.fr\/wp-content\/uploads\/2026\/03\/Visuel-Boulez-2-1-1200x675.jpg 1200w\" sizes=\"(max-width: 1600px) 100vw, 1600px\" \/><\/p>\r\n<h3><a  href=\"https:\/\/www.biblio.univ-evry.fr\/index.php\/2026\/03\/18\/hommage-a-pierre-boulez\/\">Hommage \u00e0 Pierre Boulez<\/a><\/h3>\r\n<p>Venez nombreux ce mercredi 25 mars pour \u00e9changer avec Marion Kalter en d\u00e9couvrant son regard sur le musicien Pierre Boulez...<\/p>\r\n<p class=\"btn\" style=\"text-align: center\"><a  href=\"https:\/\/www.biblio.univ-evry.fr\/index.php\/2026\/03\/18\/hommage-a-pierre-boulez\/\">Lire la suite<\/a><\/p>\r\n<p>                                                                                                                                     <\/p><\/div>\n<\/div>\n<\/div>\n<script type='text\/javascript'>\n\tdocument.addEventListener('DOMContentLoaded', function() {\n\t\tjQuery('#slider_3922').owlCarousel({\n\t\t\titems : 1,\n\t\t\tsmartSpeed : 1000,\n\t\t\tautoplay : true,\n\t\t\tautoplayTimeout : 5000,\n\t\t\tautoplayHoverPause : true,\n\t\t\tsmartSpeed : 1000,\n\t\t\tfluidSpeed : 1000,\n\t\t\tautoplaySpeed : 1000,\n\t\t\tnavSpeed : 1000,\n\t\t\tdotsSpeed : 1000,\n\t\t\tloop : true,\n\t\t\tnav : true,\n\t\t\tnavText : ['Previous','Next'],\n\t\t\tdots : false,\n\t\t\tresponsiveRefreshRate : 200,\n\t\t\tslideBy : 1,\n\t\t\tmergeFit : true,\n\t\t\tautoHeight : false,\n\t\t\tmouseDrag : true,\n\t\t\ttouchDrag : true\n\t\t});\n\t\tjQuery('#slider_3922').css('visibility', 'visible');\n\t\tsa_resize_slider_3922();\n\t\twindow.addEventListener('resize', sa_resize_slider_3922);\n\t\tfunction sa_resize_slider_3922() {\n\t\t\tvar min_height = '50';\n\t\t\tvar win_width = jQuery(window).width();\n\t\t\tvar slider_width = jQuery('#slider_3922').width();\n\t\t\tif (win_width < 480) {\n\t\t\t\tvar slide_width = slider_width \/ 1;\n\t\t\t} else if (win_width < 768) {\n\t\t\t\tvar slide_width = slider_width \/ 1;\n\t\t\t} else if (win_width < 980) {\n\t\t\t\tvar slide_width = slider_width \/ 1;\n\t\t\t} else if (win_width < 1200) {\n\t\t\t\tvar slide_width = slider_width \/ 1;\n\t\t\t} else if (win_width < 1500) {\n\t\t\t\tvar slide_width = slider_width \/ 1;\n\t\t\t} else {\n\t\t\t\tvar slide_width = slider_width \/ 1;\n\t\t\t}\n\t\t\tslide_width = Math.round(slide_width);\n\t\t\tvar slide_height = '0';\n\t\t\tif (min_height == 'aspect43') {\n\t\t\t\tslide_height = (slide_width \/ 4) * 3;\t\t\t\tslide_height = Math.round(slide_height);\n\t\t\t} else if (min_height == 'aspect169') {\n\t\t\t\tslide_height = (slide_width \/ 16) * 9;\t\t\t\tslide_height = Math.round(slide_height);\n\t\t\t} else {\n\t\t\t\tslide_height = (slide_width \/ 100) * min_height;\t\t\t\tslide_height = Math.round(slide_height);\n\t\t\t}\n\t\t\tjQuery('#slider_3922 .owl-item .sa_hover_container').css('min-height', slide_height+'px');\n\t\t}\n\t\tvar owl_goto = jQuery('#slider_3922');\n\t\tjQuery('.slider_3922_goto1').click(function(event){\n\t\t\towl_goto.trigger('to.owl.carousel', 0);\n\t\t});\n\t\tjQuery('.slider_3922_goto2').click(function(event){\n\t\t\towl_goto.trigger('to.owl.carousel', 1);\n\t\t});\n\t\tvar resize_3922 = jQuery('.owl-carousel');\n\t\tresize_3922.on('initialized.owl.carousel', function(e) {\n\t\t\tif (typeof(Event) === 'function') {\n\t\t\t\twindow.dispatchEvent(new Event('resize'));\n\t\t\t} else {\n\t\t\t\tvar evt = window.document.createEvent('UIEvents');\n\t\t\t\tevt.initUIEvent('resize', true, false, window, 0);\n\t\t\t\twindow.dispatchEvent(evt);\n\t\t\t}\n\t\t});\n\t});\n<\/script>\n <\/div>\n\n<div class=\"wp-block-column is-layout-flow wp-block-column-is-layout-flow\"> <div class='white' style='background:rgba(255, 255, 255, 0); border:solid 0px rgba(238, 238, 238, 0.16); border-radius:0px; padding:1px 0px 0px 0px;'>\n<div id='slider_3918' class='owl-carousel sa_owl_theme autohide-arrows' data-slider-id='slider_3918' style='visibility:hidden;'>\n<div id='slider_3918_slide01' class='sa_hover_container' style='padding:3% 3%; margin:0px 3%; background-color:rgb(255, 255, 255); '><p>  <small><a href=\"https:\/\/www.biblio.univ-evry.fr\/index.php\/category\/actu\/infos-pratiques\/\">Infos pratiques<\/a><\/small> <img loading=\"lazy\" decoding=\"async\" width=\"2000\" height=\"1125\" src=\"https:\/\/www.biblio.univ-evry.fr\/wp-content\/uploads\/2025\/04\/prets-doubles-web1.png\" class=\"attachment-full size-full wp-post-image\" alt=\"\" srcset=\"https:\/\/www.biblio.univ-evry.fr\/wp-content\/uploads\/2025\/04\/prets-doubles-web1.png 2000w, https:\/\/www.biblio.univ-evry.fr\/wp-content\/uploads\/2025\/04\/prets-doubles-web1-1067x600.png 1067w, https:\/\/www.biblio.univ-evry.fr\/wp-content\/uploads\/2025\/04\/prets-doubles-web1-1820x1024.png 1820w, https:\/\/www.biblio.univ-evry.fr\/wp-content\/uploads\/2025\/04\/prets-doubles-web1-768x432.png 768w, https:\/\/www.biblio.univ-evry.fr\/wp-content\/uploads\/2025\/04\/prets-doubles-web1-1536x864.png 1536w, https:\/\/www.biblio.univ-evry.fr\/wp-content\/uploads\/2025\/04\/prets-doubles-web1-1200x675.png 1200w, https:\/\/www.biblio.univ-evry.fr\/wp-content\/uploads\/2025\/04\/prets-doubles-web1-1980x1114.png 1980w\" sizes=\"(max-width: 2000px) 100vw, 2000px\" \/><\/p>\r\n<h3><a  href=\"https:\/\/www.biblio.univ-evry.fr\/index.php\/2026\/04\/23\/pret-dete\/\">Pr\u00eats doubl\u00e9s<\/a><\/h3>\r\n<p>\u00c0 partir du 20 avril, les pr\u00eats doubl\u00e9s commencent ! Doublez vos emprunts jusqu'au retour de vacances le 14 septembre...<\/p>\r\n<p class=\"btn\" style=\"text-align: center\"><a  href=\"https:\/\/www.biblio.univ-evry.fr\/index.php\/2026\/04\/23\/pret-dete\/\">Lire la suite<\/a><\/p>\r\n<p>         <\/p><\/div>\n<div id='slider_3918_slide02' class='sa_hover_container' style='padding:3% 3%; margin:0px 3%; background-color:rgb(255, 255, 255); '><p>    <small><a href=\"https:\/\/www.biblio.univ-evry.fr\/index.php\/category\/actu\/infos-pratiques\/\">Infos pratiques<\/a><\/small> <img loading=\"lazy\" decoding=\"async\" width=\"2000\" height=\"1125\" src=\"https:\/\/www.biblio.univ-evry.fr\/wp-content\/uploads\/2026\/04\/Recrutement-WEB.png\" class=\"attachment-full size-full wp-post-image\" alt=\"\" srcset=\"https:\/\/www.biblio.univ-evry.fr\/wp-content\/uploads\/2026\/04\/Recrutement-WEB.png 2000w, https:\/\/www.biblio.univ-evry.fr\/wp-content\/uploads\/2026\/04\/Recrutement-WEB-1067x600.png 1067w, https:\/\/www.biblio.univ-evry.fr\/wp-content\/uploads\/2026\/04\/Recrutement-WEB-1820x1024.png 1820w, https:\/\/www.biblio.univ-evry.fr\/wp-content\/uploads\/2026\/04\/Recrutement-WEB-768x432.png 768w, https:\/\/www.biblio.univ-evry.fr\/wp-content\/uploads\/2026\/04\/Recrutement-WEB-1536x864.png 1536w, https:\/\/www.biblio.univ-evry.fr\/wp-content\/uploads\/2026\/04\/Recrutement-WEB-1200x675.png 1200w, https:\/\/www.biblio.univ-evry.fr\/wp-content\/uploads\/2026\/04\/Recrutement-WEB-1980x1114.png 1980w\" sizes=\"(max-width: 2000px) 100vw, 2000px\" \/><\/p>\r\n<h3><a  href=\"https:\/\/www.biblio.univ-evry.fr\/index.php\/2026\/04\/23\/recrutement-etudiants\/\">Recrutement de contrats \u00e9tudiants<\/a><\/h3>\r\n<p>Vous cherchez un emploi compatible avec vos \u00e9tudes ? Postulez en ligne....<\/p>\r\n<p class=\"btn\" style=\"text-align: center\"><a  href=\"https:\/\/www.biblio.univ-evry.fr\/index.php\/2026\/04\/23\/recrutement-etudiants\/\">Lire la suite<\/a><\/p>\r\n<p>       <\/p><\/div>\n<\/div>\n<\/div>\n<script type='text\/javascript'>\n\tdocument.addEventListener('DOMContentLoaded', function() {\n\t\tjQuery('#slider_3918').owlCarousel({\n\t\t\titems : 1,\n\t\t\tsmartSpeed : 1000,\n\t\t\tautoplay : true,\n\t\t\tautoplayTimeout : 5900,\n\t\t\tautoplayHoverPause : true,\n\t\t\tsmartSpeed : 1000,\n\t\t\tfluidSpeed : 1000,\n\t\t\tautoplaySpeed : 1000,\n\t\t\tnavSpeed : 1000,\n\t\t\tdotsSpeed : 1000,\n\t\t\tloop : true,\n\t\t\tnav : true,\n\t\t\tnavText : ['Previous','Next'],\n\t\t\tdots : false,\n\t\t\tresponsiveRefreshRate : 200,\n\t\t\tslideBy : 1,\n\t\t\tmergeFit : true,\n\t\t\tautoHeight : true,\n\t\t\tmouseDrag : true,\n\t\t\ttouchDrag : true\n\t\t});\n\t\tjQuery('#slider_3918').css('visibility', 'visible');\n\t\tsa_resize_slider_3918();\n\t\twindow.addEventListener('resize', sa_resize_slider_3918);\n\t\tfunction sa_resize_slider_3918() {\n\t\t\tvar min_height = '51';\n\t\t\tvar win_width = jQuery(window).width();\n\t\t\tvar slider_width = jQuery('#slider_3918').width();\n\t\t\tif (win_width < 480) {\n\t\t\t\tvar slide_width = slider_width \/ 1;\n\t\t\t} else if (win_width < 768) {\n\t\t\t\tvar slide_width = slider_width \/ 1;\n\t\t\t} else if (win_width < 980) {\n\t\t\t\tvar slide_width = slider_width \/ 1;\n\t\t\t} else if (win_width < 1200) {\n\t\t\t\tvar slide_width = slider_width \/ 1;\n\t\t\t} else if (win_width < 1500) {\n\t\t\t\tvar slide_width = slider_width \/ 1;\n\t\t\t} else {\n\t\t\t\tvar slide_width = slider_width \/ 1;\n\t\t\t}\n\t\t\tslide_width = Math.round(slide_width);\n\t\t\tvar slide_height = '0';\n\t\t\tif (min_height == 'aspect43') {\n\t\t\t\tslide_height = (slide_width \/ 4) * 3;\t\t\t\tslide_height = Math.round(slide_height);\n\t\t\t} else if (min_height == 'aspect169') {\n\t\t\t\tslide_height = (slide_width \/ 16) * 9;\t\t\t\tslide_height = Math.round(slide_height);\n\t\t\t} else {\n\t\t\t\tslide_height = (slide_width \/ 100) * min_height;\t\t\t\tslide_height = Math.round(slide_height);\n\t\t\t}\n\t\t\tjQuery('#slider_3918 .owl-item .sa_hover_container').css('min-height', slide_height+'px');\n\t\t}\n\t\tvar owl_goto = jQuery('#slider_3918');\n\t\tjQuery('.slider_3918_goto1').click(function(event){\n\t\t\towl_goto.trigger('to.owl.carousel', 0);\n\t\t});\n\t\tjQuery('.slider_3918_goto2').click(function(event){\n\t\t\towl_goto.trigger('to.owl.carousel', 1);\n\t\t});\n\t\tvar resize_3918 = jQuery('.owl-carousel');\n\t\tresize_3918.on('initialized.owl.carousel', function(e) {\n\t\t\tif (typeof(Event) === 'function') {\n\t\t\t\twindow.dispatchEvent(new Event('resize'));\n\t\t\t} else {\n\t\t\t\tvar evt = window.document.createEvent('UIEvents');\n\t\t\t\tevt.initUIEvent('resize', true, false, window, 0);\n\t\t\t\twindow.dispatchEvent(evt);\n\t\t\t}\n\t\t});\n\t});\n<\/script>\n <\/div>\n<\/div>\n\n<div class=\"wp-block-group mobile-actu column-important has-background-background-color has-background\"><div class=\"wp-block-group__inner-container is-layout-flow wp-block-group-is-layout-flow\">\n<div class='white' style='background:rgba(0, 0, 0, 0); border:solid 0px rgba(0, 0, 0, 0); border-radius:0px; padding:1px 0px 0px 0px;'>\n<div id='slider_1213' class='owl-carousel sa_owl_theme autohide-arrows' data-slider-id='slider_1213' style='visibility:hidden;'>\n<div id='slider_1213_slide01' class='sa_hover_container' style='padding:3% 3%; margin:0px 3%; background-color:rgb(255, 255, 255); '>\n<p>  <small><a href=\"https:\/\/www.biblio.univ-evry.fr\/index.php\/category\/actu\/infos-pratiques\/\">Infos pratiques<\/a><\/small> <img loading=\"lazy\" decoding=\"async\" width=\"2000\" height=\"1125\" src=\"https:\/\/www.biblio.univ-evry.fr\/wp-content\/uploads\/2025\/04\/prets-doubles-web1.png\" class=\"attachment-full size-full wp-post-image\" alt=\"\" srcset=\"https:\/\/www.biblio.univ-evry.fr\/wp-content\/uploads\/2025\/04\/prets-doubles-web1.png 2000w, https:\/\/www.biblio.univ-evry.fr\/wp-content\/uploads\/2025\/04\/prets-doubles-web1-1067x600.png 1067w, https:\/\/www.biblio.univ-evry.fr\/wp-content\/uploads\/2025\/04\/prets-doubles-web1-1820x1024.png 1820w, https:\/\/www.biblio.univ-evry.fr\/wp-content\/uploads\/2025\/04\/prets-doubles-web1-768x432.png 768w, https:\/\/www.biblio.univ-evry.fr\/wp-content\/uploads\/2025\/04\/prets-doubles-web1-1536x864.png 1536w, https:\/\/www.biblio.univ-evry.fr\/wp-content\/uploads\/2025\/04\/prets-doubles-web1-1200x675.png 1200w, https:\/\/www.biblio.univ-evry.fr\/wp-content\/uploads\/2025\/04\/prets-doubles-web1-1980x1114.png 1980w\" sizes=\"(max-width: 2000px) 100vw, 2000px\" \/><\/p>\n<h3 style=\"text-align: center\">Pr\u00eats doubl\u00e9s<\/h3>\n<p style=\"text-align: center\"><span style=\"color: #000000\">\u00c0 partir du 20 avril, les pr\u00eats doubl\u00e9s commencent ! Doublez vos emprunts jusqu'au retour de vacances le 14 septembre 2025.<\/span><\/p>\n<p class=\"btn\" style=\"text-align: center\"><a  href=\"https:\/\/www.biblio.univ-evry.fr\/index.php\/2026\/04\/23\/pret-dete\/\">Lire la suite<\/a><\/p>\n<\/p>\n<\/div>\n<div id='slider_1213_slide02' class='sa_hover_container' style='padding:3% 3%; margin:0px 3%; background-color:rgb(255, 255, 255); '>\n<p>    <small><a href=\"https:\/\/www.biblio.univ-evry.fr\/index.php\/category\/actu\/infos-pratiques\/\">Infos pratiques<\/a><\/small> <img loading=\"lazy\" decoding=\"async\" width=\"2000\" height=\"1125\" src=\"https:\/\/www.biblio.univ-evry.fr\/wp-content\/uploads\/2026\/04\/Recrutement-WEB.png\" class=\"attachment-full size-full wp-post-image\" alt=\"\" srcset=\"https:\/\/www.biblio.univ-evry.fr\/wp-content\/uploads\/2026\/04\/Recrutement-WEB.png 2000w, https:\/\/www.biblio.univ-evry.fr\/wp-content\/uploads\/2026\/04\/Recrutement-WEB-1067x600.png 1067w, https:\/\/www.biblio.univ-evry.fr\/wp-content\/uploads\/2026\/04\/Recrutement-WEB-1820x1024.png 1820w, https:\/\/www.biblio.univ-evry.fr\/wp-content\/uploads\/2026\/04\/Recrutement-WEB-768x432.png 768w, https:\/\/www.biblio.univ-evry.fr\/wp-content\/uploads\/2026\/04\/Recrutement-WEB-1536x864.png 1536w, https:\/\/www.biblio.univ-evry.fr\/wp-content\/uploads\/2026\/04\/Recrutement-WEB-1200x675.png 1200w, https:\/\/www.biblio.univ-evry.fr\/wp-content\/uploads\/2026\/04\/Recrutement-WEB-1980x1114.png 1980w\" sizes=\"(max-width: 2000px) 100vw, 2000px\" \/><\/p>\n<h3 style=\"text-align: center\">Recrutement de contrats \u00e9tudiants<\/h3>\n<p style=\"text-align: center\"><span style=\"color: #000000\">Vous cherchez un emploi compatible avec vos \u00e9tudes ?  Postulez en ligne.<br \/>\n<\/span><\/p>\n<p class=\"btn\" style=\"text-align: center\"><a  href=\"https:\/\/www.biblio.univ-evry.fr\/index.php\/2026\/04\/23\/recrutement-etudiants\/\">Lire la suite<\/a><\/p>\n<\/p>\n<\/div>\n<div id='slider_1213_slide03' class='sa_hover_container' style='padding:3% 3%; margin:0px 3%; background-color:rgb(255, 255, 255); '>\n<p>      <small><a href=\"https:\/\/www.biblio.univ-evry.fr\/index.php\/category\/actu\/\">Actualit\u00e9s<\/a>, <a href=\"https:\/\/www.biblio.univ-evry.fr\/index.php\/category\/actu\/infos-pratiques\/outils-services\/\">Outils et services<\/a><\/small> <img loading=\"lazy\" decoding=\"async\" width=\"2000\" height=\"1125\" src=\"https:\/\/www.biblio.univ-evry.fr\/wp-content\/uploads\/2026\/04\/Visuel-ressources-electropniques-format-web3.png\" class=\"attachment-full size-full wp-post-image\" alt=\"\" srcset=\"https:\/\/www.biblio.univ-evry.fr\/wp-content\/uploads\/2026\/04\/Visuel-ressources-electropniques-format-web3.png 2000w, https:\/\/www.biblio.univ-evry.fr\/wp-content\/uploads\/2026\/04\/Visuel-ressources-electropniques-format-web3-1067x600.png 1067w, https:\/\/www.biblio.univ-evry.fr\/wp-content\/uploads\/2026\/04\/Visuel-ressources-electropniques-format-web3-1820x1024.png 1820w, https:\/\/www.biblio.univ-evry.fr\/wp-content\/uploads\/2026\/04\/Visuel-ressources-electropniques-format-web3-768x432.png 768w, https:\/\/www.biblio.univ-evry.fr\/wp-content\/uploads\/2026\/04\/Visuel-ressources-electropniques-format-web3-1536x864.png 1536w, https:\/\/www.biblio.univ-evry.fr\/wp-content\/uploads\/2026\/04\/Visuel-ressources-electropniques-format-web3-1200x675.png 1200w, https:\/\/www.biblio.univ-evry.fr\/wp-content\/uploads\/2026\/04\/Visuel-ressources-electropniques-format-web3-1980x1114.png 1980w\" sizes=\"(max-width: 2000px) 100vw, 2000px\" \/><\/p>\n<h3 style=\"text-align: center\">Nouvelles ressources num\u00e9riques 2026<\/h3>\n<p style=\"text-align: center\"><span style=\"color: #000000\">La biblioth\u00e8que vous propose deux nouvelles ressources num\u00e9riques : Orbit et <\/span><\/p>\n<p class=\"btn\" style=\"text-align: center\"><a  href=\"https:\/\/www.biblio.univ-evry.fr\/index.php\/2026\/04\/10\/nouvelles-ressources-numeriques-2026\/\">Lire la suite<\/a><\/p>\n<\/p>\n<\/div>\n<div id='slider_1213_slide04' class='sa_hover_container' style='padding:3% 3%; margin:0px 3%; background-color:rgb(255, 255, 255); '>\n<p>        <small><a href=\"https:\/\/www.biblio.univ-evry.fr\/index.php\/category\/actu\/actions-culturelles\/exposition\/\">Exposition<\/a><\/small> <img loading=\"lazy\" decoding=\"async\" width=\"2000\" height=\"1125\" src=\"https:\/\/www.biblio.univ-evry.fr\/wp-content\/uploads\/2026\/03\/Visuel-Marc-Bloc-2-518.5-x-291.65-mm.jpg\" class=\"attachment-full size-full wp-post-image\" alt=\"\" srcset=\"https:\/\/www.biblio.univ-evry.fr\/wp-content\/uploads\/2026\/03\/Visuel-Marc-Bloc-2-518.5-x-291.65-mm.jpg 2000w, https:\/\/www.biblio.univ-evry.fr\/wp-content\/uploads\/2026\/03\/Visuel-Marc-Bloc-2-518.5-x-291.65-mm-1067x600.jpg 1067w, https:\/\/www.biblio.univ-evry.fr\/wp-content\/uploads\/2026\/03\/Visuel-Marc-Bloc-2-518.5-x-291.65-mm-1820x1024.jpg 1820w, https:\/\/www.biblio.univ-evry.fr\/wp-content\/uploads\/2026\/03\/Visuel-Marc-Bloc-2-518.5-x-291.65-mm-768x432.jpg 768w, https:\/\/www.biblio.univ-evry.fr\/wp-content\/uploads\/2026\/03\/Visuel-Marc-Bloc-2-518.5-x-291.65-mm-1536x864.jpg 1536w, https:\/\/www.biblio.univ-evry.fr\/wp-content\/uploads\/2026\/03\/Visuel-Marc-Bloc-2-518.5-x-291.65-mm-1200x675.jpg 1200w, https:\/\/www.biblio.univ-evry.fr\/wp-content\/uploads\/2026\/03\/Visuel-Marc-Bloc-2-518.5-x-291.65-mm-1980x1114.jpg 1980w\" sizes=\"(max-width: 2000px) 100vw, 2000px\" \/><\/p>\n<h3 style=\"text-align: center\">\u00ab\u00a0Marc Bloch (1886-1944), historien et engag\u00e9\u00a0\u00bb<\/h3>\n<p style=\"text-align: center\"><span style=\"color: #000000\">Venez d\u00e9couvrir l'exposition en l'honneur de l'historien Marc Bloch, con\u00e7ue par les \u00e9tudiants en master Histoire sp\u00e9cialement pour les Nocturnes de l'Histoire !<\/span><\/p>\n<p class=\"btn\" style=\"text-align: center\"><a  href=\"https:\/\/www.biblio.univ-evry.fr\/index.php\/2026\/03\/20\/marc-bloch-1886-1944-historien-et-engage\/\">Lire la suite<\/a><\/p>\n<\/p>\n<\/div>\n<div id='slider_1213_slide05' class='sa_hover_container' style='padding:3% 3%; margin:0px 3%; background-color:rgb(255, 255, 255); '>\n<p>          <small><a href=\"https:\/\/www.biblio.univ-evry.fr\/index.php\/category\/actu\/actions-culturelles\/exposition\/\">Exposition<\/a>, <a href=\"https:\/\/www.biblio.univ-evry.fr\/index.php\/category\/actu\/actions-culturelles\/seminaire\/\">S\u00e9minaire<\/a><\/small> <img loading=\"lazy\" decoding=\"async\" width=\"1600\" height=\"900\" src=\"https:\/\/www.biblio.univ-evry.fr\/wp-content\/uploads\/2026\/03\/Visuel-Boulez-2-1.jpg\" class=\"attachment-full size-full wp-post-image\" alt=\"\" srcset=\"https:\/\/www.biblio.univ-evry.fr\/wp-content\/uploads\/2026\/03\/Visuel-Boulez-2-1.jpg 1600w, https:\/\/www.biblio.univ-evry.fr\/wp-content\/uploads\/2026\/03\/Visuel-Boulez-2-1-1067x600.jpg 1067w, https:\/\/www.biblio.univ-evry.fr\/wp-content\/uploads\/2026\/03\/Visuel-Boulez-2-1-768x432.jpg 768w, https:\/\/www.biblio.univ-evry.fr\/wp-content\/uploads\/2026\/03\/Visuel-Boulez-2-1-1536x864.jpg 1536w, https:\/\/www.biblio.univ-evry.fr\/wp-content\/uploads\/2026\/03\/Visuel-Boulez-2-1-1200x675.jpg 1200w\" sizes=\"(max-width: 1600px) 100vw, 1600px\" \/><\/p>\n<h3 style=\"text-align: center\">Hommage \u00e0 Pierre Boulez<\/h3>\n<p style=\"text-align: center\"><span style=\"color: #000000\">Venez nombreux ce mercredi 25 mars pour \u00e9changer avec Marion Kalter en d\u00e9couvrant son regard sur le musicien Pierre Boulez !<\/span><\/p>\n<p class=\"btn\" style=\"text-align: center\"><a  href=\"https:\/\/www.biblio.univ-evry.fr\/index.php\/2026\/03\/18\/hommage-a-pierre-boulez\/\">Lire la suite<\/a><\/p>\n<\/p>\n<\/div>\n<\/div>\n<\/div>\n<p><script type='text\/javascript'>\n\tdocument.addEventListener('DOMContentLoaded', function() {\n\t\tjQuery('#slider_1213').owlCarousel({\n\t\t\titems : 1,\n\t\t\tsmartSpeed : 1000,\n\t\t\tautoplay : true,\n\t\t\tautoplayTimeout : 5000,\n\t\t\tautoplayHoverPause : true,\n\t\t\tsmartSpeed : 1000,\n\t\t\tfluidSpeed : 1000,\n\t\t\tautoplaySpeed : 1000,\n\t\t\tnavSpeed : 1000,\n\t\t\tdotsSpeed : 1000,\n\t\t\tloop : true,\n\t\t\tnav : true,\n\t\t\tnavText : ['Previous','Next'],\n\t\t\tdots : false,\n\t\t\tresponsiveRefreshRate : 200,\n\t\t\tslideBy : 1,\n\t\t\tmergeFit : true,\n\t\t\tautoHeight : false,\n\t\t\tmouseDrag : true,\n\t\t\ttouchDrag : true\n\t\t});\n\t\tjQuery('#slider_1213').css('visibility', 'visible');\n\t\tsa_resize_slider_1213();\n\t\twindow.addEventListener('resize', sa_resize_slider_1213);\n\t\tfunction sa_resize_slider_1213() {\n\t\t\tvar min_height = '50';\n\t\t\tvar win_width = jQuery(window).width();\n\t\t\tvar slider_width = jQuery('#slider_1213').width();\n\t\t\tif (win_width < 480) {\n\t\t\t\tvar slide_width = slider_width \/ 1;\n\t\t\t} else if (win_width < 768) {\n\t\t\t\tvar slide_width = slider_width \/ 1;\n\t\t\t} else if (win_width < 980) {\n\t\t\t\tvar slide_width = slider_width \/ 1;\n\t\t\t} else if (win_width < 1200) {\n\t\t\t\tvar slide_width = slider_width \/ 1;\n\t\t\t} else if (win_width < 1500) {\n\t\t\t\tvar slide_width = slider_width \/ 1;\n\t\t\t} else {\n\t\t\t\tvar slide_width = slider_width \/ 1;\n\t\t\t}\n\t\t\tslide_width = Math.round(slide_width);\n\t\t\tvar slide_height = '0';\n\t\t\tif (min_height == 'aspect43') {\n\t\t\t\tslide_height = (slide_width \/ 4) * 3;\t\t\t\tslide_height = Math.round(slide_height);\n\t\t\t} else if (min_height == 'aspect169') {\n\t\t\t\tslide_height = (slide_width \/ 16) * 9;\t\t\t\tslide_height = Math.round(slide_height);\n\t\t\t} else {\n\t\t\t\tslide_height = (slide_width \/ 100) * min_height;\t\t\t\tslide_height = Math.round(slide_height);\n\t\t\t}\n\t\t\tjQuery('#slider_1213 .owl-item .sa_hover_container').css('min-height', slide_height+'px');\n\t\t}\n\t\tvar owl_goto = jQuery('#slider_1213');\n\t\tjQuery('.slider_1213_goto1').click(function(event){\n\t\t\towl_goto.trigger('to.owl.carousel', 0);\n\t\t});\n\t\tjQuery('.slider_1213_goto2').click(function(event){\n\t\t\towl_goto.trigger('to.owl.carousel', 1);\n\t\t});\n\t\tjQuery('.slider_1213_goto3').click(function(event){\n\t\t\towl_goto.trigger('to.owl.carousel', 2);\n\t\t});\n\t\tjQuery('.slider_1213_goto4').click(function(event){\n\t\t\towl_goto.trigger('to.owl.carousel', 3);\n\t\t});\n\t\tjQuery('.slider_1213_goto5').click(function(event){\n\t\t\towl_goto.trigger('to.owl.carousel', 4);\n\t\t});\n\t\tvar resize_1213 = jQuery('.owl-carousel');\n\t\tresize_1213.on('initialized.owl.carousel', function(e) {\n\t\t\tif (typeof(Event) === 'function') {\n\t\t\t\twindow.dispatchEvent(new Event('resize'));\n\t\t\t} else {\n\t\t\t\tvar evt = window.document.createEvent('UIEvents');\n\t\t\t\tevt.initUIEvent('resize', true, false, window, 0);\n\t\t\t\twindow.dispatchEvent(evt);\n\t\t\t}\n\t\t});\n\t});\n<\/script><\/p>\n<\/div><\/div>\n\t\t\t\t\t\t\t\t<\/div>\n\t\t\t\t<\/div>\n\t\t\t\t<div class=\"elementor-element elementor-element-6b992d8 elementor-hidden-desktop elementor-hidden-tablet elementor-hidden-mobile elementor-widget elementor-widget-shortcode\" data-id=\"6b992d8\" data-element_type=\"widget\" data-e-type=\"widget\" data-widget_type=\"shortcode.default\">\n\t\t\t\t<div class=\"elementor-widget-container\">\n\t\t\t\t\t\t\t<div class=\"elementor-shortcode\"><iframe title=\"Lecteur musicMe\" src=\"https:\/\/univ-evry.mt.musicme.com\/_modules\/extplayer\/mixplayer\/radio\/3243053?partner=ml-univ-evry&key=f4AsRK7zxtLXF8CD&stream_id=60156\" style=\"width:100%;height:168px\"><\/iframe><\/div>\n\t\t\t\t\t\t<\/div>\n\t\t\t\t<\/div>\n\t\t\t\t<div class=\"elementor-element elementor-element-393f808 elementor-widget elementor-widget-heading\" data-id=\"393f808\" data-element_type=\"widget\" data-e-type=\"widget\" data-widget_type=\"heading.default\">\n\t\t\t\t<div class=\"elementor-widget-container\">\n\t\t\t\t\t<h4 class=\"elementor-heading-title elementor-size-default\">Les tops des \u00e9coutes sur <i>MusicMe<\/i><\/h4>\t\t\t\t<\/div>\n\t\t\t\t<\/div>\n\t\t\t\t<div class=\"elementor-element elementor-element-7fa1089 elementor-widget elementor-widget-shortcode\" data-id=\"7fa1089\" data-element_type=\"widget\" data-e-type=\"widget\" data-widget_type=\"shortcode.default\">\n\t\t\t\t<div class=\"elementor-widget-container\">\n\t\t\t\t\t\t\t<div class=\"elementor-shortcode\"><iframe style=\"width:580px;height:420px\" src=\"https:\/\/univ-evry.mt.musicme.com\/_modules\/mediatops\/\"><\/iframe><\/div>\n\t\t\t\t\t\t<\/div>\n\t\t\t\t<\/div>\n\t\t\t\t\t<\/div>\n\t\t<\/div>\n\t\t\t\t\t<\/div>\n\t\t<\/section>\n\t\t\t\t<section class=\"elementor-section elementor-top-section elementor-element elementor-element-b8edb4d elementor-section-boxed elementor-section-height-default elementor-section-height-default\" data-id=\"b8edb4d\" data-element_type=\"section\" data-e-type=\"section\">\n\t\t\t\t\t\t<div class=\"elementor-container elementor-column-gap-default\">\n\t\t\t\t\t<div class=\"elementor-column elementor-col-100 elementor-top-column elementor-element elementor-element-e5421ad\" data-id=\"e5421ad\" data-element_type=\"column\" data-e-type=\"column\">\n\t\t\t<div class=\"elementor-widget-wrap elementor-element-populated\">\n\t\t\t\t\t\t<div class=\"elementor-element elementor-element-fd07604 elementor-alert-success elementor-hidden-desktop elementor-hidden-tablet elementor-hidden-mobile elementor-widget elementor-widget-alert\" data-id=\"fd07604\" data-element_type=\"widget\" data-e-type=\"widget\" data-widget_type=\"alert.default\">\n\t\t\t\t<div class=\"elementor-widget-container\">\n\t\t\t\t\t\t\t<div class=\"elementor-alert\" role=\"alert\">\n\n\t\t\t\t\t\t<span class=\"elementor-alert-title\">Zombiblio<\/span>\n\t\t\t\n\t\t\t\t\t\t<span class=\"elementor-alert-description\">Aujourd\u2019hui, <b>jeudi 11\/09<\/b> nos \u00e9tudiants de L1 circuleront aux <b>1er, 2e et 3e \u00e9tages le matin<\/b> et au <b> 2e \u00e9tage l'apr\u00e8s-midi<\/b>, ce qui peut occasionner du bruit. \n<br>N'h\u00e9sitez pas \u00e0 privil\u00e9gier les autres \u00e9tages pour travailler. Merci de votre compr\u00e9hension.<\/span>\n\t\t\t\n\t\t\t\n\t\t<\/div>\n\t\t\t\t\t\t<\/div>\n\t\t\t\t<\/div>\n\t\t\t\t\t<\/div>\n\t\t<\/div>\n\t\t\t\t\t<\/div>\n\t\t<\/section>\n\t\t\t\t<\/div>\n\t\t","protected":false},"excerpt":{"rendered":"<p>\u26a0\ufe0f Fermetures exceptionnelles \u26a0\ufe0f La biblioth\u00e8que du Facteur Cheval sera ferm\u00e9e du 27 au 30 avril 2026 inclus, ainsi que du 11 au 15 mai inclus. Durant le mois de mai, la biblioth\u00e8que centrale sera ferm\u00e9e les jours suivants : le 1er, 8, 14, 15, 16 et 25 mai 2026. Merci de votre compr\u00e9hension. Imprimer [&hellip;]<\/p>\n","protected":false},"author":1,"featured_media":0,"parent":0,"menu_order":0,"comment_status":"closed","ping_status":"closed","template":"","meta":{"wpupg_custom_link":[],"wpupg_custom_link_behaviour":[],"wpupg_custom_link_nofollow":[],"wpupg_custom_image":[],"wpupg_custom_image_id":[],"footnotes":""},"class_list":["post-167","page","type-page","status-publish","hentry"],"_links":{"self":[{"href":"https:\/\/www.biblio.univ-evry.fr\/index.php\/wp-json\/wp\/v2\/pages\/167","targetHints":{"allow":["GET"]}}],"collection":[{"href":"https:\/\/www.biblio.univ-evry.fr\/index.php\/wp-json\/wp\/v2\/pages"}],"about":[{"href":"https:\/\/www.biblio.univ-evry.fr\/index.php\/wp-json\/wp\/v2\/types\/page"}],"author":[{"embeddable":true,"href":"https:\/\/www.biblio.univ-evry.fr\/index.php\/wp-json\/wp\/v2\/users\/1"}],"replies":[{"embeddable":true,"href":"https:\/\/www.biblio.univ-evry.fr\/index.php\/wp-json\/wp\/v2\/comments?post=167"}],"version-history":[{"count":690,"href":"https:\/\/www.biblio.univ-evry.fr\/index.php\/wp-json\/wp\/v2\/pages\/167\/revisions"}],"predecessor-version":[{"id":14725,"href":"https:\/\/www.biblio.univ-evry.fr\/index.php\/wp-json\/wp\/v2\/pages\/167\/revisions\/14725"}],"wp:attachment":[{"href":"https:\/\/www.biblio.univ-evry.fr\/index.php\/wp-json\/wp\/v2\/media?parent=167"}],"curies":[{"name":"wp","href":"https:\/\/api.w.org\/{rel}","templated":true}]}}